{"id":69997,"date":"2024-09-04T10:38:33","date_gmt":"2024-09-04T08:38:33","guid":{"rendered":"https:\/\/fondazionecrfirenze.it\/?post_type=progetti&#038;p=69997"},"modified":"2025-11-06T10:55:45","modified_gmt":"2025-11-06T09:55:45","slug":"a-tu-per-tu-con-giotto","status":"publish","type":"progetti","link":"https:\/\/fondazionecrfirenze.it\/en\/progetti\/a-tu-per-tu-con-giotto\/","title":{"rendered":"A tu per tu con Giotto"},"content":{"rendered":"<style>.kb-row-layout-id69997_e06d5f-04 > .kt-row-column-wrap{align-content:start;}:where(.kb-row-layout-id69997_e06d5f-04 > .kt-row-column-wrap) > .wp-block-kadence-column{justify-content:start;}.kb-row-layout-id69997_e06d5f-04 > .kt-row-column-wrap{column-gap:120px;row-gap:var(--global-kb-gap-md, 2rem);padding-top:var(--global-kb-spacing-sm, 1.5rem);padding-bottom:var(--global-kb-spacing-sm, 1.5rem);grid-template-columns:repeat(2, minmax(0, 1fr));}.kb-row-layout-id69997_e06d5f-04 > .kt-row-layout-overlay{opacity:0.30;}@media all and (max-width: 1024px){.kb-row-layout-id69997_e06d5f-04 > .kt-row-column-wrap{grid-template-columns:repeat(2, minmax(0, 1fr));}}@media all and (max-width: 767px){.kb-row-layout-id69997_e06d5f-04 > .kt-row-column-wrap{grid-template-columns:minmax(0, 1fr);}}<\/style><div class=\"kb-row-layout-wrap kb-row-layout-id69997_e06d5f-04 alignnone container wp-block-kadence-rowlayout\"><div class=\"kt-row-column-wrap kt-has-2-columns kt-row-layout-equal kt-tab-layout-inherit kt-mobile-layout-row kt-row-valign-top\">\n<style>.kadence-column69997_540e2a-a4 > .kt-inside-inner-col,.kadence-column69997_540e2a-a4 > .kt-inside-inner-col:before{border-top-left-radius:0px;border-top-right-radius:0px;border-bottom-right-radius:0px;border-bottom-left-radius:0px;}.kadence-column69997_540e2a-a4 > .kt-inside-inner-col{column-gap:var(--global-kb-gap-sm, 1rem);}.kadence-column69997_540e2a-a4 > .kt-inside-inner-col{flex-direction:column;}.kadence-column69997_540e2a-a4 > .kt-inside-inner-col > .aligncenter{width:100%;}.kadence-column69997_540e2a-a4 > .kt-inside-inner-col:before{opacity:0.3;}.kadence-column69997_540e2a-a4{position:relative;}@media all and (max-width: 1024px){.kadence-column69997_540e2a-a4 > .kt-inside-inner-col{flex-direction:column;justify-content:center;}}@media all and (max-width: 767px){.kadence-column69997_540e2a-a4 > .kt-inside-inner-col{flex-direction:column;justify-content:center;}}<\/style>\n<div class=\"wp-block-kadence-column kadence-column69997_540e2a-a4\"><div class=\"kt-inside-inner-col\">\n<h2 class=\"wp-block-heading\" style=\"font-size:1.7em\">Anteprima delle visite guidate al cantiere di restauro della <strong>Cappella Bardi<\/strong> in <strong>Santa Croce<\/strong> per i fiorentini.<\/h2>\n<\/div><\/div>\n\n\n<style>.kadence-column69997_92e190-84 > .kt-inside-inner-col,.kadence-column69997_92e190-84 > .kt-inside-inner-col:before{border-top-left-radius:0px;border-top-right-radius:0px;border-bottom-right-radius:0px;border-bottom-left-radius:0px;}.kadence-column69997_92e190-84 > .kt-inside-inner-col{column-gap:var(--global-kb-gap-sm, 1rem);}.kadence-column69997_92e190-84 > .kt-inside-inner-col{flex-direction:column;}.kadence-column69997_92e190-84 > .kt-inside-inner-col > .aligncenter{width:100%;}.kadence-column69997_92e190-84 > .kt-inside-inner-col:before{opacity:0.3;}.kadence-column69997_92e190-84{position:relative;}@media all and (max-width: 1024px){.kadence-column69997_92e190-84 > .kt-inside-inner-col{flex-direction:column;justify-content:center;}}@media all and (max-width: 767px){.kadence-column69997_92e190-84 > .kt-inside-inner-col{flex-direction:column;justify-content:center;}}<\/style>\n<div class=\"wp-block-kadence-column kadence-column69997_92e190-84\"><div class=\"kt-inside-inner-col\">\n<p><strong>Da ottobre 2024 a luglio 2025<\/strong>, un ciclo di <strong>visite guidate gratuite<\/strong> esclusive dedicato ai residenti a Firenze e Citt\u00e0 Metropolitana di Firenze.<\/p>\n<\/div><\/div>\n\n<\/div><\/div>\n\n<style>.kb-row-layout-id69997_be9552-4d > .kt-row-column-wrap{align-content:center;}:where(.kb-row-layout-id69997_be9552-4d > .kt-row-column-wrap) > .wp-block-kadence-column{justify-content:center;}.kb-row-layout-id69997_be9552-4d > .kt-row-column-wrap{column-gap:120px;row-gap:var(--global-kb-gap-md, 2rem);padding-top:var(--global-kb-spacing-lg, 3rem);padding-bottom:var(--global-kb-spacing-sm, 1.5rem);grid-template-columns:minmax(0, calc(55% - ((120px * 1 )\/2)))minmax(0, calc(45% - ((120px * 1 )\/2)));}.kb-row-layout-id69997_be9552-4d > .kt-row-layout-overlay{opacity:0.30;}@media all and (max-width: 1024px){.kb-row-layout-id69997_be9552-4d > .kt-row-column-wrap{grid-template-columns:repeat(2, minmax(0, 1fr));}}@media all and (max-width: 767px){.kb-row-layout-id69997_be9552-4d > .kt-row-column-wrap{grid-template-columns:minmax(0, 1fr);}}<\/style><div class=\"kb-row-layout-wrap kb-row-layout-id69997_be9552-4d alignnone container wp-block-kadence-rowlayout\"><div class=\"kt-row-column-wrap kt-has-2-columns kt-row-layout-equal kt-tab-layout-inherit kt-mobile-layout-row kt-row-valign-middle\">\n<style>.kadence-column69997_3b788d-35 > .kt-inside-inner-col,.kadence-column69997_3b788d-35 > .kt-inside-inner-col:before{border-top-left-radius:0px;border-top-right-radius:0px;border-bottom-right-radius:0px;border-bottom-left-radius:0px;}.kadence-column69997_3b788d-35 > .kt-inside-inner-col{column-gap:var(--global-kb-gap-sm, 1rem);}.kadence-column69997_3b788d-35 > .kt-inside-inner-col{flex-direction:column;}.kadence-column69997_3b788d-35 > .kt-inside-inner-col > .aligncenter{width:100%;}.kadence-column69997_3b788d-35 > .kt-inside-inner-col:before{opacity:0.3;}.kadence-column69997_3b788d-35{position:relative;}@media all and (max-width: 1024px){.kadence-column69997_3b788d-35 > .kt-inside-inner-col{flex-direction:column;justify-content:center;}}@media all and (max-width: 767px){.kadence-column69997_3b788d-35 > .kt-inside-inner-col{flex-direction:column;justify-content:center;}}<\/style>\n<div class=\"wp-block-kadence-column kadence-column69997_3b788d-35\"><div class=\"kt-inside-inner-col\"><style>.kb-gallery-id-69997_5c9ee0-f7 .kadence-blocks-gallery-item .kb-gal-image-radius, .kb-gallery-id-69997_5c9ee0-f7 .kb-slide-item .kb-gal-image-radius img{border-radius:10px 10px 10px 10px;;}.kb-gallery-wrap-id-69997_5c9ee0-f7.wp-block-kadence-advancedgallery{overflow:visible;}.kb-gallery-wrap-id-69997_5c9ee0-f7.wp-block-kadence-advancedgallery .kt-blocks-carousel{overflow:visible;}<\/style><div class=\"kb-gallery-wrap-id-69997_5c9ee0-f7 alignnone wp-block-kadence-advancedgallery\"><div class=\"kb-gallery-ul kb-gallery-non-static kb-gallery-type-slider kb-gallery-id-69997_5c9ee0-f7 kb-gallery-caption-style-bottom-hover kb-gallery-filter-none\" data-image-filter=\"none\" data-lightbox-caption=\"true\"><div class=\"kt-blocks-carousel splide kt-carousel-container-dotstyle-dark kt-carousel-arrowstyle-whiteondark kt-carousel-dotstyle-dark kb-slider-group-arrow kb-slider-arrow-position-center\" data-slider-anim-speed=\"500\" data-slider-scroll=\"1\" data-slider-arrows=\"true\" data-slider-fade=\"true\" data-slider-dots=\"true\" data-slider-type=\"slider\" data-slider-hover-pause=\"false\" data-slider-auto=\"1\" data-slider-speed=\"7000\" data-show-pause-button=\"false\"><div class=\"splide__track\"><ul class=\"kt-blocks-carousel-init kb-blocks-slider splide__list\"><li class=\"kb-slide-item kb-gallery-slide-item splide__slide\"><div class=\"kadence-blocks-gallery-item\"><div class=\"kadence-blocks-gallery-item-inner\"><figure class=\"kb-gallery-figure kb-gallery-item-has-link kadence-blocks-gallery-item-hide-caption\"><a href=\"https:\/\/fondazionecrfirenze.it\/wp-content\/uploads\/2024\/09\/006-fcrf-giotto-santa-croce-cappella-bardi-2409119-ph-stefano-casati-09808.jpg\" class=\"kb-gallery-item-link\"  ><div class=\"kb-gal-image-radius\"><div class=\"kb-gallery-image-contain kadence-blocks-gallery-intrinsic kb-gallery-image-ratio-land32 kb-has-image-ratio-land32\" ><img loading=\"lazy\" decoding=\"async\" src=\"data:image\/svg+xml,%3Csvg%20xmlns='http:\/\/www.w3.org\/2000\/svg'%20viewBox='0%200%201000%20667'%3E%3C\/svg%3E\"  data-splide-lazy=\"https:\/\/fondazionecrfirenze.it\/wp-content\/uploads\/2024\/09\/006-fcrf-giotto-santa-croce-cappella-bardi-2409119-ph-stefano-casati-09808-800x533.jpg\" width=\"800\" height=\"533\" alt=\"Visite guidate Giotto\" data-full-image=\"https:\/\/fondazionecrfirenze.it\/wp-content\/uploads\/2024\/09\/006-fcrf-giotto-santa-croce-cappella-bardi-2409119-ph-stefano-casati-09808.jpg\" data-light-image=\"https:\/\/fondazionecrfirenze.it\/wp-content\/uploads\/2024\/09\/006-fcrf-giotto-santa-croce-cappella-bardi-2409119-ph-stefano-casati-09808.jpg\" data-splide-lazy-srcset=\"https:\/\/fondazionecrfirenze.it\/wp-content\/uploads\/2024\/09\/006-fcrf-giotto-santa-croce-cappella-bardi-2409119-ph-stefano-casati-09808-800x533.jpg 800w, https:\/\/fondazionecrfirenze.it\/wp-content\/uploads\/2024\/09\/006-fcrf-giotto-santa-croce-cappella-bardi-2409119-ph-stefano-casati-09808-300x200.jpg 300w, https:\/\/fondazionecrfirenze.it\/wp-content\/uploads\/2024\/09\/006-fcrf-giotto-santa-croce-cappella-bardi-2409119-ph-stefano-casati-09808-768x512.jpg 768w, https:\/\/fondazionecrfirenze.it\/wp-content\/uploads\/2024\/09\/006-fcrf-giotto-santa-croce-cappella-bardi-2409119-ph-stefano-casati-09808-600x400.jpg 600w, https:\/\/fondazionecrfirenze.it\/wp-content\/uploads\/2024\/09\/006-fcrf-giotto-santa-croce-cappella-bardi-2409119-ph-stefano-casati-09808.jpg 1200w\" sizes=\"auto, (max-width: 800px) 100vw, 800px\"data-id=\"70665\" class=\"wp-image-70665 skip-lazy\"\/><\/div><\/div><\/a><\/figure><\/div><\/div><\/li><li class=\"kb-slide-item kb-gallery-slide-item splide__slide\"><div class=\"kadence-blocks-gallery-item\"><div class=\"kadence-blocks-gallery-item-inner\"><figure class=\"kb-gallery-figure kb-gallery-item-has-link kadence-blocks-gallery-item-hide-caption\"><a href=\"https:\/\/fondazionecrfirenze.it\/wp-content\/uploads\/2024\/09\/giotto-santa-croce.webp\" class=\"kb-gallery-item-link\"  ><div class=\"kb-gal-image-radius\"><div class=\"kb-gallery-image-contain kadence-blocks-gallery-intrinsic kb-gallery-image-ratio-land32 kb-has-image-ratio-land32\" ><img loading=\"lazy\" decoding=\"async\" src=\"data:image\/svg+xml,%3Csvg%20xmlns='http:\/\/www.w3.org\/2000\/svg'%20viewBox='0%200%201000%20667'%3E%3C\/svg%3E\"  data-splide-lazy=\"https:\/\/fondazionecrfirenze.it\/wp-content\/uploads\/2024\/09\/giotto-santa-croce.webp\" width=\"800\" height=\"500\" alt=\"Visite Cappella Bardi Santa Croce\" data-full-image=\"https:\/\/fondazionecrfirenze.it\/wp-content\/uploads\/2024\/09\/giotto-santa-croce.webp\" data-light-image=\"https:\/\/fondazionecrfirenze.it\/wp-content\/uploads\/2024\/09\/giotto-santa-croce.webp\" data-splide-lazy-srcset=\"https:\/\/fondazionecrfirenze.it\/wp-content\/uploads\/2024\/09\/giotto-santa-croce.webp 800w, https:\/\/fondazionecrfirenze.it\/wp-content\/uploads\/2024\/09\/giotto-santa-croce-300x188.webp 300w, https:\/\/fondazionecrfirenze.it\/wp-content\/uploads\/2024\/09\/giotto-santa-croce-768x480.webp 768w\" sizes=\"auto, (max-width: 800px) 100vw, 800px\"data-id=\"70653\" class=\"wp-image-70653 skip-lazy\"\/><\/div><\/div><\/a><\/figure><\/div><\/div><\/li><li class=\"kb-slide-item kb-gallery-slide-item splide__slide\"><div class=\"kadence-blocks-gallery-item\"><div class=\"kadence-blocks-gallery-item-inner\"><figure class=\"kb-gallery-figure kb-gallery-item-has-link kadence-blocks-gallery-item-hide-caption\"><a href=\"https:\/\/fondazionecrfirenze.it\/wp-content\/uploads\/2024\/09\/018-fcrf-giotto-santa-croce-cappella-bardi-2409119-ph-stefano-casati-09902.jpg\" class=\"kb-gallery-item-link\"  ><div class=\"kb-gal-image-radius\"><div class=\"kb-gallery-image-contain kadence-blocks-gallery-intrinsic kb-gallery-image-ratio-land32 kb-has-image-ratio-land32\" ><img loading=\"lazy\" decoding=\"async\" src=\"data:image\/svg+xml,%3Csvg%20xmlns='http:\/\/www.w3.org\/2000\/svg'%20viewBox='0%200%201000%20667'%3E%3C\/svg%3E\"  data-splide-lazy=\"https:\/\/fondazionecrfirenze.it\/wp-content\/uploads\/2024\/09\/018-fcrf-giotto-santa-croce-cappella-bardi-2409119-ph-stefano-casati-09902-683x1024.jpg\" width=\"683\" height=\"1024\" alt=\"\" data-full-image=\"https:\/\/fondazionecrfirenze.it\/wp-content\/uploads\/2024\/09\/018-fcrf-giotto-santa-croce-cappella-bardi-2409119-ph-stefano-casati-09902.jpg\" data-light-image=\"https:\/\/fondazionecrfirenze.it\/wp-content\/uploads\/2024\/09\/018-fcrf-giotto-santa-croce-cappella-bardi-2409119-ph-stefano-casati-09902.jpg\" data-splide-lazy-srcset=\"https:\/\/fondazionecrfirenze.it\/wp-content\/uploads\/2024\/09\/018-fcrf-giotto-santa-croce-cappella-bardi-2409119-ph-stefano-casati-09902-683x1024.jpg 683w, https:\/\/fondazionecrfirenze.it\/wp-content\/uploads\/2024\/09\/018-fcrf-giotto-santa-croce-cappella-bardi-2409119-ph-stefano-casati-09902-200x300.jpg 200w, https:\/\/fondazionecrfirenze.it\/wp-content\/uploads\/2024\/09\/018-fcrf-giotto-santa-croce-cappella-bardi-2409119-ph-stefano-casati-09902-768x1152.jpg 768w, https:\/\/fondazionecrfirenze.it\/wp-content\/uploads\/2024\/09\/018-fcrf-giotto-santa-croce-cappella-bardi-2409119-ph-stefano-casati-09902-1024x1536.jpg 1024w, https:\/\/fondazionecrfirenze.it\/wp-content\/uploads\/2024\/09\/018-fcrf-giotto-santa-croce-cappella-bardi-2409119-ph-stefano-casati-09902.jpg 1200w\" sizes=\"auto, (max-width: 683px) 100vw, 683px\"data-id=\"70663\" class=\"wp-image-70663 skip-lazy\"\/><\/div><\/div><\/a><\/figure><\/div><\/div><\/li><li class=\"kb-slide-item kb-gallery-slide-item splide__slide\"><div class=\"kadence-blocks-gallery-item\"><div class=\"kadence-blocks-gallery-item-inner\"><figure class=\"kb-gallery-figure kb-gallery-item-has-link kadence-blocks-gallery-item-hide-caption\"><a href=\"https:\/\/fondazionecrfirenze.it\/wp-content\/uploads\/2024\/09\/017-fcrf-giotto-santa-croce-cappella-bardi-2409119-ph-stefano-casati-09900.jpg\" class=\"kb-gallery-item-link\"  ><div class=\"kb-gal-image-radius\"><div class=\"kb-gallery-image-contain kadence-blocks-gallery-intrinsic kb-gallery-image-ratio-land32 kb-has-image-ratio-land32\" ><img loading=\"lazy\" decoding=\"async\" src=\"data:image\/svg+xml,%3Csvg%20xmlns='http:\/\/www.w3.org\/2000\/svg'%20viewBox='0%200%201000%20667'%3E%3C\/svg%3E\"  data-splide-lazy=\"https:\/\/fondazionecrfirenze.it\/wp-content\/uploads\/2024\/09\/017-fcrf-giotto-santa-croce-cappella-bardi-2409119-ph-stefano-casati-09900-800x533.jpg\" width=\"800\" height=\"533\" alt=\"\" data-full-image=\"https:\/\/fondazionecrfirenze.it\/wp-content\/uploads\/2024\/09\/017-fcrf-giotto-santa-croce-cappella-bardi-2409119-ph-stefano-casati-09900.jpg\" data-light-image=\"https:\/\/fondazionecrfirenze.it\/wp-content\/uploads\/2024\/09\/017-fcrf-giotto-santa-croce-cappella-bardi-2409119-ph-stefano-casati-09900.jpg\" data-splide-lazy-srcset=\"https:\/\/fondazionecrfirenze.it\/wp-content\/uploads\/2024\/09\/017-fcrf-giotto-santa-croce-cappella-bardi-2409119-ph-stefano-casati-09900-800x533.jpg 800w, https:\/\/fondazionecrfirenze.it\/wp-content\/uploads\/2024\/09\/017-fcrf-giotto-santa-croce-cappella-bardi-2409119-ph-stefano-casati-09900-300x200.jpg 300w, https:\/\/fondazionecrfirenze.it\/wp-content\/uploads\/2024\/09\/017-fcrf-giotto-santa-croce-cappella-bardi-2409119-ph-stefano-casati-09900-768x512.jpg 768w, https:\/\/fondazionecrfirenze.it\/wp-content\/uploads\/2024\/09\/017-fcrf-giotto-santa-croce-cappella-bardi-2409119-ph-stefano-casati-09900-600x400.jpg 600w, https:\/\/fondazionecrfirenze.it\/wp-content\/uploads\/2024\/09\/017-fcrf-giotto-santa-croce-cappella-bardi-2409119-ph-stefano-casati-09900.jpg 1200w\" sizes=\"auto, (max-width: 800px) 100vw, 800px\"data-id=\"70661\" class=\"wp-image-70661 skip-lazy\"\/><\/div><\/div><\/a><\/figure><\/div><\/div><\/li><li class=\"kb-slide-item kb-gallery-slide-item splide__slide\"><div class=\"kadence-blocks-gallery-item\"><div class=\"kadence-blocks-gallery-item-inner\"><figure class=\"kb-gallery-figure kb-gallery-item-has-link kadence-blocks-gallery-item-hide-caption\"><a href=\"https:\/\/fondazionecrfirenze.it\/wp-content\/uploads\/2024\/09\/FIG-9.png\" class=\"kb-gallery-item-link\"  ><div class=\"kb-gal-image-radius\"><div class=\"kb-gallery-image-contain kadence-blocks-gallery-intrinsic kb-gallery-image-ratio-land32 kb-has-image-ratio-land32\" ><img loading=\"lazy\" decoding=\"async\" src=\"data:image\/svg+xml,%3Csvg%20xmlns='http:\/\/www.w3.org\/2000\/svg'%20viewBox='0%200%201000%20667'%3E%3C\/svg%3E\"  data-splide-lazy=\"https:\/\/fondazionecrfirenze.it\/wp-content\/uploads\/2024\/09\/FIG-9-800x533.png\" width=\"800\" height=\"533\" alt=\"\" data-full-image=\"https:\/\/fondazionecrfirenze.it\/wp-content\/uploads\/2024\/09\/FIG-9.png\" data-light-image=\"https:\/\/fondazionecrfirenze.it\/wp-content\/uploads\/2024\/09\/FIG-9.png\" data-splide-lazy-srcset=\"https:\/\/fondazionecrfirenze.it\/wp-content\/uploads\/2024\/09\/FIG-9-800x533.png 800w, https:\/\/fondazionecrfirenze.it\/wp-content\/uploads\/2024\/09\/FIG-9-300x200.png 300w, https:\/\/fondazionecrfirenze.it\/wp-content\/uploads\/2024\/09\/FIG-9-768x511.png 768w, https:\/\/fondazionecrfirenze.it\/wp-content\/uploads\/2024\/09\/FIG-9-600x400.png 600w, https:\/\/fondazionecrfirenze.it\/wp-content\/uploads\/2024\/09\/FIG-9.png 1280w\" sizes=\"auto, (max-width: 800px) 100vw, 800px\"data-id=\"70257\" class=\"wp-image-70257 skip-lazy\"\/><\/div><\/div><\/a><\/figure><\/div><\/div><\/li><li class=\"kb-slide-item kb-gallery-slide-item splide__slide\"><div class=\"kadence-blocks-gallery-item\"><div class=\"kadence-blocks-gallery-item-inner\"><figure class=\"kb-gallery-figure kb-gallery-item-has-link kadence-blocks-gallery-item-hide-caption\"><a href=\"https:\/\/fondazionecrfirenze.it\/wp-content\/uploads\/2024\/09\/FIG-4-2.jpg\" class=\"kb-gallery-item-link\"  ><div class=\"kb-gal-image-radius\"><div class=\"kb-gallery-image-contain kadence-blocks-gallery-intrinsic kb-gallery-image-ratio-land32 kb-has-image-ratio-land32\" ><img loading=\"lazy\" decoding=\"async\" src=\"data:image\/svg+xml,%3Csvg%20xmlns='http:\/\/www.w3.org\/2000\/svg'%20viewBox='0%200%201000%20667'%3E%3C\/svg%3E\"  data-splide-lazy=\"https:\/\/fondazionecrfirenze.it\/wp-content\/uploads\/2024\/09\/FIG-4-2-800x578.jpg\" width=\"800\" height=\"578\" alt=\"\" data-full-image=\"https:\/\/fondazionecrfirenze.it\/wp-content\/uploads\/2024\/09\/FIG-4-2.jpg\" data-light-image=\"https:\/\/fondazionecrfirenze.it\/wp-content\/uploads\/2024\/09\/FIG-4-2.jpg\" data-splide-lazy-srcset=\"https:\/\/fondazionecrfirenze.it\/wp-content\/uploads\/2024\/09\/FIG-4-2-800x578.jpg 800w, https:\/\/fondazionecrfirenze.it\/wp-content\/uploads\/2024\/09\/FIG-4-2-300x217.jpg 300w, https:\/\/fondazionecrfirenze.it\/wp-content\/uploads\/2024\/09\/FIG-4-2-768x555.jpg 768w, https:\/\/fondazionecrfirenze.it\/wp-content\/uploads\/2024\/09\/FIG-4-2.jpg 1200w\" sizes=\"auto, (max-width: 800px) 100vw, 800px\"data-id=\"70572\" class=\"wp-image-70572 skip-lazy\"\/><\/div><\/div><\/a><\/figure><\/div><\/div><\/li><\/ul><\/div><\/div><\/div><\/div><\/div><\/div>\n\n\n<style>.kadence-column69997_bd88db-93 > .kt-inside-inner-col,.kadence-column69997_bd88db-93 > .kt-inside-inner-col:before{border-top-left-radius:0px;border-top-right-radius:0px;border-bottom-right-radius:0px;border-bottom-left-radius:0px;}.kadence-column69997_bd88db-93 > .kt-inside-inner-col{column-gap:var(--global-kb-gap-sm, 1rem);}.kadence-column69997_bd88db-93 > .kt-inside-inner-col{flex-direction:column;}.kadence-column69997_bd88db-93 > .kt-inside-inner-col > .aligncenter{width:100%;}.kadence-column69997_bd88db-93 > .kt-inside-inner-col:before{opacity:0.3;}.kadence-column69997_bd88db-93{position:relative;}@media all and (max-width: 1024px){.kadence-column69997_bd88db-93 > .kt-inside-inner-col{flex-direction:column;justify-content:center;}}@media all and (max-width: 767px){.kadence-column69997_bd88db-93 > .kt-inside-inner-col{flex-direction:column;justify-content:center;}}<\/style>\n<div class=\"wp-block-kadence-column kadence-column69997_bd88db-93\"><div class=\"kt-inside-inner-col\">\n<h4 class=\"wp-block-heading\"><strong>La Cappella Bardi e le <em>Storie di San Francesco<\/em> di Giotto<\/strong><\/h4>\n\n\n\n<p>Agli inizi del 1300 Giotto decor\u00f2 le pareti della Cappella Bardi con le &#8220;Storie di San Francesco d&#8217;Assisi&#8221;. Cancellate nel 1730, furono riportate alla luce nel 1851 da uno tra i pi\u00f9 celebri restauratori del tempo, Gaetano Bianchi e restaurate nuovamente tra 1957 e 1958 da Leonetto Tintori con la guida del Soprintendente Ugo Procacci.<\/p>\n\n\n\n<p>A oltre 60 anni dall&#8217;ultimo intervento conservativo, a giugno 2022 \u00e8 partito un nuovo restauro  grazie alla collaborazione tra l&#8217;Opera di Santa Croce e l&#8217;Opificio delle Pietre Dure, con il fondamentale contributo<strong> <\/strong>di <strong>Fondazione CR Firenze<\/strong>.<\/p>\n<\/div><\/div>\n\n<\/div><\/div>\n\n<style>.kb-row-layout-id69997_b52a87-04 > .kt-row-column-wrap{align-content:center;}:where(.kb-row-layout-id69997_b52a87-04 > .kt-row-column-wrap) > .wp-block-kadence-column{justify-content:center;}.kb-row-layout-id69997_b52a87-04 > .kt-row-column-wrap{column-gap:120px;row-gap:var(--global-kb-gap-md, 2rem);padding-top:var(--global-kb-spacing-xl, 4rem);padding-bottom:var(--global-kb-spacing-sm, 1.5rem);grid-template-columns:minmax(0, calc(55% - ((120px * 1 )\/2)))minmax(0, calc(45% - ((120px * 1 )\/2)));}.kb-row-layout-id69997_b52a87-04 > .kt-row-layout-overlay{opacity:0.30;}@media all and (max-width: 1024px){.kb-row-layout-id69997_b52a87-04 > .kt-row-column-wrap{grid-template-columns:repeat(2, minmax(0, 1fr));}}@media all and (max-width: 767px){.kb-row-layout-id69997_b52a87-04 > .kt-row-column-wrap{grid-template-columns:minmax(0, 1fr);}}<\/style><div class=\"kb-row-layout-wrap kb-row-layout-id69997_b52a87-04 alignnone container wp-block-kadence-rowlayout\"><div class=\"kt-row-column-wrap kt-has-2-columns kt-row-layout-equal kt-tab-layout-inherit kt-mobile-layout-row kt-row-valign-middle\">\n<style>.kadence-column69997_0583b2-0a > .kt-inside-inner-col,.kadence-column69997_0583b2-0a > .kt-inside-inner-col:before{border-top-left-radius:0px;border-top-right-radius:0px;border-bottom-right-radius:0px;border-bottom-left-radius:0px;}.kadence-column69997_0583b2-0a > .kt-inside-inner-col{column-gap:var(--global-kb-gap-sm, 1rem);}.kadence-column69997_0583b2-0a > .kt-inside-inner-col{flex-direction:column;}.kadence-column69997_0583b2-0a > .kt-inside-inner-col > .aligncenter{width:100%;}.kadence-column69997_0583b2-0a > .kt-inside-inner-col:before{opacity:0.3;}.kadence-column69997_0583b2-0a{position:relative;}@media all and (max-width: 1024px){.kadence-column69997_0583b2-0a > .kt-inside-inner-col{flex-direction:column;justify-content:center;}}@media all and (max-width: 767px){.kadence-column69997_0583b2-0a > .kt-inside-inner-col{flex-direction:column;justify-content:center;}}<\/style>\n<div class=\"wp-block-kadence-column kadence-column69997_0583b2-0a\"><div class=\"kt-inside-inner-col\">\n<h4 class=\"wp-block-heading\"><strong>&#8220;A tu per tu con Giotto&#8221;, l&#8217;iniziativa per scoprire i capolavori di Giotto da una prospettiva unica<\/strong><\/h4>\n\n\n\n<p>Da ottobre 2024, fino a luglio 2025, grazie a Fondazione CR Firenze, sar\u00e0 possibile partecipare alle <strong>visite guidate gratuite del cantiere<\/strong> e ammirare gli affreschi e i dettagli del racconto per immagini che Giotto fa della vita di San Francesco attraverso sei episodi significativi che decorano le pareti laterali della cappella. <\/p>\n\n\n\n<p>Le visite saranno riservate ai <strong>residenti a Firenze e Citt\u00e0 Metropolitana<\/strong> e si svolgeranno nei fine settimana. Potranno salire sui ponteggi gruppi di massimo cinque partecipanti accompagnati da personale dedicato a questa iniziativa. Una visita straordinaria a restauro in corso che offre la possibilit\u00e0 non solo di ammirare i capolavori giotteschi ma anche osservare e vivere il restauro &#8220;in diretta&#8221;.<\/p>\n<\/div><\/div>\n\n\n<style>.kadence-column69997_8f0d75-5a > .kt-inside-inner-col,.kadence-column69997_8f0d75-5a > .kt-inside-inner-col:before{border-top-left-radius:0px;border-top-right-radius:0px;border-bottom-right-radius:0px;border-bottom-left-radius:0px;}.kadence-column69997_8f0d75-5a > .kt-inside-inner-col{column-gap:var(--global-kb-gap-sm, 1rem);}.kadence-column69997_8f0d75-5a > .kt-inside-inner-col{flex-direction:column;}.kadence-column69997_8f0d75-5a > .kt-inside-inner-col > .aligncenter{width:100%;}.kadence-column69997_8f0d75-5a > .kt-inside-inner-col:before{opacity:0.3;}.kadence-column69997_8f0d75-5a{position:relative;}@media all and (max-width: 1024px){.kadence-column69997_8f0d75-5a > .kt-inside-inner-col{flex-direction:column;justify-content:center;}}@media all and (max-width: 767px){.kadence-column69997_8f0d75-5a > .kt-inside-inner-col{flex-direction:column;justify-content:center;}}<\/style>\n<div class=\"wp-block-kadence-column kadence-column69997_8f0d75-5a\"><div class=\"kt-inside-inner-col\">\n<p>Ante pulitura<\/p>\n\n\n\t\t\t\t\t<div\n\t\t\t\t\t\tclass=\"wp-block-uagb-image-gallery uagb-block-512db640     \"\n\t\t\t\t\t\tstyle=\"\"\n\t\t\t\t\t>\n\t\t\t\t\t\t\t\t\t\t\t<div class=\"spectra-image-gallery spectra-image-gallery__layout--grid spectra-image-gallery__layout--grid-col-3 spectra-image-gallery__layout--grid-col-tab-3 spectra-image-gallery__layout--grid-col-mob-3\">\n\t\t\t\t\t\t\t\t\t\t\t<div class='spectra-image-gallery__media-wrapper' data-spectra-gallery-image-id='70552' tabindex=\"0\">\n\t\t\t\t\t\t\t<div class=\"spectra-image-gallery__media spectra-image-gallery__media--grid\">\n\t\t\t\t<picture>\n\t\t\t\t\t<source media=\"(min-width: 1024px)\" srcset=\"https:\/\/fondazionecrfirenze.it\/wp-content\/uploads\/2024\/09\/9a-Rinuncia-ai-beni-sin-part-donna-ante-pulitura-722x1024.jpg\">\n\t\t\t\t\t<source media=\"(min-width: 768px)\" srcset=\"https:\/\/fondazionecrfirenze.it\/wp-content\/uploads\/2024\/09\/9a-Rinuncia-ai-beni-sin-part-donna-ante-pulitura-722x1024.jpg\">\n\t\t\t\t\t<img decoding=\"async\" class=\"spectra-image-gallery__media-thumbnail spectra-image-gallery__media-thumbnail--grid\" src=\"https:\/\/fondazionecrfirenze.it\/wp-content\/uploads\/2024\/09\/9a-Rinuncia-ai-beni-sin-part-donna-ante-pulitura-211x300.jpg\" alt=\"\" loading=\"lazy\" \/>\n\t\t\t\t<\/picture>\n\t\t\t\t<div class=\"spectra-image-gallery__media-thumbnail-blurrer\"><\/div>\n\t\t\t\t\t\t\t\t\t\t\t<div class=\"spectra-image-gallery__media-thumbnail-caption-wrapper spectra-image-gallery__media-thumbnail-caption-wrapper--overlay\"><\/div>\n\t\t\t\t\t\t\t\t<\/div>\n\t\t\t\t\t\t<\/div>\n\t\t\t\t\t\t<div class='spectra-image-gallery__media-wrapper' data-spectra-gallery-image-id='70557' tabindex=\"0\">\n\t\t\t\t\t\t\t<div class=\"spectra-image-gallery__media spectra-image-gallery__media--grid\">\n\t\t\t\t<picture>\n\t\t\t\t\t<source media=\"(min-width: 1024px)\" srcset=\"https:\/\/fondazionecrfirenze.it\/wp-content\/uploads\/2024\/09\/4a-Miracoli-post-mortem-ante-pulitura-722x1024.jpg\">\n\t\t\t\t\t<source media=\"(min-width: 768px)\" srcset=\"https:\/\/fondazionecrfirenze.it\/wp-content\/uploads\/2024\/09\/4a-Miracoli-post-mortem-ante-pulitura-722x1024.jpg\">\n\t\t\t\t\t<img decoding=\"async\" class=\"spectra-image-gallery__media-thumbnail spectra-image-gallery__media-thumbnail--grid\" src=\"https:\/\/fondazionecrfirenze.it\/wp-content\/uploads\/2024\/09\/4a-Miracoli-post-mortem-ante-pulitura-211x300.jpg\" alt=\"\" loading=\"lazy\" \/>\n\t\t\t\t<\/picture>\n\t\t\t\t<div class=\"spectra-image-gallery__media-thumbnail-blurrer\"><\/div>\n\t\t\t\t\t\t\t\t\t\t\t<div class=\"spectra-image-gallery__media-thumbnail-caption-wrapper spectra-image-gallery__media-thumbnail-caption-wrapper--overlay\"><\/div>\n\t\t\t\t\t\t\t\t<\/div>\n\t\t\t\t\t\t<\/div>\n\t\t\t\t\t\t<div class='spectra-image-gallery__media-wrapper' data-spectra-gallery-image-id='70561' tabindex=\"0\">\n\t\t\t\t\t\t\t<div class=\"spectra-image-gallery__media spectra-image-gallery__media--grid\">\n\t\t\t\t<picture>\n\t\t\t\t\t<source media=\"(min-width: 1024px)\" srcset=\"https:\/\/fondazionecrfirenze.it\/wp-content\/uploads\/2024\/09\/8a-Rinuncia-ai-beni-part-volti-a-dx-ante-pulitura-800x564.jpg\">\n\t\t\t\t\t<source media=\"(min-width: 768px)\" srcset=\"https:\/\/fondazionecrfirenze.it\/wp-content\/uploads\/2024\/09\/8a-Rinuncia-ai-beni-part-volti-a-dx-ante-pulitura-800x564.jpg\">\n\t\t\t\t\t<img decoding=\"async\" class=\"spectra-image-gallery__media-thumbnail spectra-image-gallery__media-thumbnail--grid\" src=\"https:\/\/fondazionecrfirenze.it\/wp-content\/uploads\/2024\/09\/8a-Rinuncia-ai-beni-part-volti-a-dx-ante-pulitura-300x212.jpg\" alt=\"\" loading=\"lazy\" \/>\n\t\t\t\t<\/picture>\n\t\t\t\t<div class=\"spectra-image-gallery__media-thumbnail-blurrer\"><\/div>\n\t\t\t\t\t\t\t\t\t\t\t<div class=\"spectra-image-gallery__media-thumbnail-caption-wrapper spectra-image-gallery__media-thumbnail-caption-wrapper--overlay\"><\/div>\n\t\t\t\t\t\t\t\t<\/div>\n\t\t\t\t\t\t<\/div>\n\t\t\t\t\t\t\t\t\t\t<\/div>\n\t\t\t\t\t\t\t\t\t\t\t\t\t\t\t\t\t\t<\/div>\n\t\t\t\t\t\t\t\t\t\t\t<div class='spectra-image-gallery__control-lightbox' tabindex='0'>\n\t\t\t\t\t\t\t\t\t\t\t<div class=\"swiper spectra-image-gallery__control-lightbox--main\" dir=\"\">\n\t\t\t\t\t<div class=\"swiper-wrapper\">\n\t\t\t\t\t\t\t\t\t\t\t\t\t\n\t\t\t\t\t\t\t<div class=\"swiper-slide\">\n\t\t\t\t\t\t\t\t<img class=\"swiper-lazy\" data-src=\"https:\/\/fondazionecrfirenze.it\/wp-content\/uploads\/2024\/09\/9a-Rinuncia-ai-beni-sin-part-donna-ante-pulitura.jpg\" alt=\"\"\/>\n\t\t\t\t\t\t\t\t<div class=\"swiper-lazy-preloader swiper-lazy-preloader-white\"><\/div>\n\t\t\t\t\t\t\t\t\t\t\t\t\t\t\t<\/div>\n\t\t\t\t\t\t\t\t\t\t\t\t\t\n\t\t\t\t\t\t\t<div class=\"swiper-slide\">\n\t\t\t\t\t\t\t\t<img class=\"swiper-lazy\" data-src=\"https:\/\/fondazionecrfirenze.it\/wp-content\/uploads\/2024\/09\/4a-Miracoli-post-mortem-ante-pulitura.jpg\" alt=\"\"\/>\n\t\t\t\t\t\t\t\t<div class=\"swiper-lazy-preloader swiper-lazy-preloader-white\"><\/div>\n\t\t\t\t\t\t\t\t\t\t\t\t\t\t\t<\/div>\n\t\t\t\t\t\t\t\t\t\t\t\t\t\n\t\t\t\t\t\t\t<div class=\"swiper-slide\">\n\t\t\t\t\t\t\t\t<img class=\"swiper-lazy\" data-src=\"https:\/\/fondazionecrfirenze.it\/wp-content\/uploads\/2024\/09\/8a-Rinuncia-ai-beni-part-volti-a-dx-ante-pulitura.jpg\" alt=\"\"\/>\n\t\t\t\t\t\t\t\t<div class=\"swiper-lazy-preloader swiper-lazy-preloader-white\"><\/div>\n\t\t\t\t\t\t\t\t\t\t\t\t\t\t\t<\/div>\n\t\t\t\t\t\t\t\t\t\t\t<\/div>\n\t\t\t\t\t<div class=\"swiper-button-next\"><\/div>\n\t\t\t\t\t<div class=\"swiper-button-prev\"><\/div>\n\t\t\t\t<\/div>\t\t\t\n\t\t\t\t\t\t\t\t\t\t\t\t\t\t\t\t\t\t\t\t\t\t\t\t\t\t\t\t\t\t\t\t<button class='spectra-image-gallery__control-lightbox--close' aria-label=\"Close\">\n\t\t\t\t\t\t\t\t\t\t\t\t\t<svg xmlns=\"https:\/\/www.w3.org\/2000\/svg\" viewBox= \"0 0 320 512\"><path d=\"M310.6 361.4c12.5 12.5 12.5 32.75 0 45.25C304.4 412.9 296.2 416 288 416s-16.38-3.125-22.62-9.375L160 301.3L54.63 406.6C48.38 412.9 40.19 416 32 416S15.63 412.9 9.375 406.6c-12.5-12.5-12.5-32.75 0-45.25l105.4-105.4L9.375 150.6c-12.5-12.5-12.5-32.75 0-45.25s32.75-12.5 45.25 0L160 210.8l105.4-105.4c12.5-12.5 32.75-12.5 45.25 0s12.5 32.75 0 45.25l-105.4 105.4L310.6 361.4z\"><\/path><\/svg>\n\t\t\t\t\t\t\t\t\t\t\t\t<\/button>\n\t\t\t\t\t\t\t\t\t\t\t\t\t<\/div>\n\t\t\t\t\t\t\t\t\t\n\n\n<div style=\"height:30px\" aria-hidden=\"true\" class=\"wp-block-spacer\"><\/div>\n\n\n\n<p>Ante ritocco<\/p>\n\n\n\t\t\t\t\t<div\n\t\t\t\t\t\tclass=\"wp-block-uagb-image-gallery uagb-block-6e71cc20     \"\n\t\t\t\t\t\tstyle=\"\"\n\t\t\t\t\t>\n\t\t\t\t\t\t\t\t\t\t\t<div class=\"spectra-image-gallery spectra-image-gallery__layout--grid spectra-image-gallery__layout--grid-col-3 spectra-image-gallery__layout--grid-col-tab-3 spectra-image-gallery__layout--grid-col-mob-3\">\n\t\t\t\t\t\t\t\t\t\t\t<div class='spectra-image-gallery__media-wrapper' data-spectra-gallery-image-id='70550' tabindex=\"0\">\n\t\t\t\t\t\t\t<div class=\"spectra-image-gallery__media spectra-image-gallery__media--grid\">\n\t\t\t\t<picture>\n\t\t\t\t\t<source media=\"(min-width: 1024px)\" srcset=\"https:\/\/fondazionecrfirenze.it\/wp-content\/uploads\/2024\/09\/9b-Rinuncia-ai-beni-sin-part-donna-ante-ritocco-722x1024.jpg\">\n\t\t\t\t\t<source media=\"(min-width: 768px)\" srcset=\"https:\/\/fondazionecrfirenze.it\/wp-content\/uploads\/2024\/09\/9b-Rinuncia-ai-beni-sin-part-donna-ante-ritocco-722x1024.jpg\">\n\t\t\t\t\t<img decoding=\"async\" class=\"spectra-image-gallery__media-thumbnail spectra-image-gallery__media-thumbnail--grid\" src=\"https:\/\/fondazionecrfirenze.it\/wp-content\/uploads\/2024\/09\/9b-Rinuncia-ai-beni-sin-part-donna-ante-ritocco-211x300.jpg\" alt=\"\" loading=\"lazy\" \/>\n\t\t\t\t<\/picture>\n\t\t\t\t<div class=\"spectra-image-gallery__media-thumbnail-blurrer\"><\/div>\n\t\t\t\t\t\t\t\t\t\t\t<div class=\"spectra-image-gallery__media-thumbnail-caption-wrapper spectra-image-gallery__media-thumbnail-caption-wrapper--overlay\"><\/div>\n\t\t\t\t\t\t\t\t<\/div>\n\t\t\t\t\t\t<\/div>\n\t\t\t\t\t\t<div class='spectra-image-gallery__media-wrapper' data-spectra-gallery-image-id='70555' tabindex=\"0\">\n\t\t\t\t\t\t\t<div class=\"spectra-image-gallery__media spectra-image-gallery__media--grid\">\n\t\t\t\t<picture>\n\t\t\t\t\t<source media=\"(min-width: 1024px)\" srcset=\"https:\/\/fondazionecrfirenze.it\/wp-content\/uploads\/2024\/09\/4b-Miracoli-post-mortem-ante-ritocco--722x1024.jpg\">\n\t\t\t\t\t<source media=\"(min-width: 768px)\" srcset=\"https:\/\/fondazionecrfirenze.it\/wp-content\/uploads\/2024\/09\/4b-Miracoli-post-mortem-ante-ritocco--722x1024.jpg\">\n\t\t\t\t\t<img decoding=\"async\" class=\"spectra-image-gallery__media-thumbnail spectra-image-gallery__media-thumbnail--grid\" src=\"https:\/\/fondazionecrfirenze.it\/wp-content\/uploads\/2024\/09\/4b-Miracoli-post-mortem-ante-ritocco--211x300.jpg\" alt=\"\" loading=\"lazy\" \/>\n\t\t\t\t<\/picture>\n\t\t\t\t<div class=\"spectra-image-gallery__media-thumbnail-blurrer\"><\/div>\n\t\t\t\t\t\t\t\t\t\t\t<div class=\"spectra-image-gallery__media-thumbnail-caption-wrapper spectra-image-gallery__media-thumbnail-caption-wrapper--overlay\"><\/div>\n\t\t\t\t\t\t\t\t<\/div>\n\t\t\t\t\t\t<\/div>\n\t\t\t\t\t\t<div class='spectra-image-gallery__media-wrapper' data-spectra-gallery-image-id='70559' tabindex=\"0\">\n\t\t\t\t\t\t\t<div class=\"spectra-image-gallery__media spectra-image-gallery__media--grid\">\n\t\t\t\t<picture>\n\t\t\t\t\t<source media=\"(min-width: 1024px)\" srcset=\"https:\/\/fondazionecrfirenze.it\/wp-content\/uploads\/2024\/09\/8b-Rinuncia-ai-beni-part-volti-a-dx-ante-ritocco-800x564.jpg\">\n\t\t\t\t\t<source media=\"(min-width: 768px)\" srcset=\"https:\/\/fondazionecrfirenze.it\/wp-content\/uploads\/2024\/09\/8b-Rinuncia-ai-beni-part-volti-a-dx-ante-ritocco-800x564.jpg\">\n\t\t\t\t\t<img decoding=\"async\" class=\"spectra-image-gallery__media-thumbnail spectra-image-gallery__media-thumbnail--grid\" src=\"https:\/\/fondazionecrfirenze.it\/wp-content\/uploads\/2024\/09\/8b-Rinuncia-ai-beni-part-volti-a-dx-ante-ritocco-300x212.jpg\" alt=\"\" loading=\"lazy\" \/>\n\t\t\t\t<\/picture>\n\t\t\t\t<div class=\"spectra-image-gallery__media-thumbnail-blurrer\"><\/div>\n\t\t\t\t\t\t\t\t\t\t\t<div class=\"spectra-image-gallery__media-thumbnail-caption-wrapper spectra-image-gallery__media-thumbnail-caption-wrapper--overlay\"><\/div>\n\t\t\t\t\t\t\t\t<\/div>\n\t\t\t\t\t\t<\/div>\n\t\t\t\t\t\t\t\t\t\t<\/div>\n\t\t\t\t\t\t\t\t\t\t\t\t\t\t\t\t\t\t<\/div>\n\t\t\t\t\t\t\t\t\t\t\t<div class='spectra-image-gallery__control-lightbox' tabindex='0'>\n\t\t\t\t\t\t\t\t\t\t\t<div class=\"swiper spectra-image-gallery__control-lightbox--main\" dir=\"\">\n\t\t\t\t\t<div class=\"swiper-wrapper\">\n\t\t\t\t\t\t\t\t\t\t\t\t\t\n\t\t\t\t\t\t\t<div class=\"swiper-slide\">\n\t\t\t\t\t\t\t\t<img class=\"swiper-lazy\" data-src=\"https:\/\/fondazionecrfirenze.it\/wp-content\/uploads\/2024\/09\/9b-Rinuncia-ai-beni-sin-part-donna-ante-ritocco.jpg\" alt=\"\"\/>\n\t\t\t\t\t\t\t\t<div class=\"swiper-lazy-preloader swiper-lazy-preloader-white\"><\/div>\n\t\t\t\t\t\t\t\t\t\t\t\t\t\t\t<\/div>\n\t\t\t\t\t\t\t\t\t\t\t\t\t\n\t\t\t\t\t\t\t<div class=\"swiper-slide\">\n\t\t\t\t\t\t\t\t<img class=\"swiper-lazy\" data-src=\"https:\/\/fondazionecrfirenze.it\/wp-content\/uploads\/2024\/09\/4b-Miracoli-post-mortem-ante-ritocco-.jpg\" alt=\"\"\/>\n\t\t\t\t\t\t\t\t<div class=\"swiper-lazy-preloader swiper-lazy-preloader-white\"><\/div>\n\t\t\t\t\t\t\t\t\t\t\t\t\t\t\t<\/div>\n\t\t\t\t\t\t\t\t\t\t\t\t\t\n\t\t\t\t\t\t\t<div class=\"swiper-slide\">\n\t\t\t\t\t\t\t\t<img class=\"swiper-lazy\" data-src=\"https:\/\/fondazionecrfirenze.it\/wp-content\/uploads\/2024\/09\/8b-Rinuncia-ai-beni-part-volti-a-dx-ante-ritocco.jpg\" alt=\"\"\/>\n\t\t\t\t\t\t\t\t<div class=\"swiper-lazy-preloader swiper-lazy-preloader-white\"><\/div>\n\t\t\t\t\t\t\t\t\t\t\t\t\t\t\t<\/div>\n\t\t\t\t\t\t\t\t\t\t\t<\/div>\n\t\t\t\t\t<div class=\"swiper-button-next\"><\/div>\n\t\t\t\t\t<div class=\"swiper-button-prev\"><\/div>\n\t\t\t\t<\/div>\t\t\t\n\t\t\t\t\t\t\t\t\t\t\t\t\t\t\t\t\t\t\t\t\t\t\t\t\t\t\t\t\t\t\t\t<button class='spectra-image-gallery__control-lightbox--close' aria-label=\"Close\">\n\t\t\t\t\t\t\t\t\t\t\t\t\t<svg xmlns=\"https:\/\/www.w3.org\/2000\/svg\" viewBox= \"0 0 320 512\"><path d=\"M310.6 361.4c12.5 12.5 12.5 32.75 0 45.25C304.4 412.9 296.2 416 288 416s-16.38-3.125-22.62-9.375L160 301.3L54.63 406.6C48.38 412.9 40.19 416 32 416S15.63 412.9 9.375 406.6c-12.5-12.5-12.5-32.75 0-45.25l105.4-105.4L9.375 150.6c-12.5-12.5-12.5-32.75 0-45.25s32.75-12.5 45.25 0L160 210.8l105.4-105.4c12.5-12.5 32.75-12.5 45.25 0s12.5 32.75 0 45.25l-105.4 105.4L310.6 361.4z\"><\/path><\/svg>\n\t\t\t\t\t\t\t\t\t\t\t\t<\/button>\n\t\t\t\t\t\t\t\t\t\t\t\t\t<\/div>\n\t\t\t\t\t\t\t\t\t<\/div><\/div>\n\n<\/div><\/div>\n\n<style>.kadence-column69997_84587a-29 > .kt-inside-inner-col{padding-top:50px;padding-right:50px;padding-bottom:40px;padding-left:50px;}.kadence-column69997_84587a-29 > .kt-inside-inner-col{border-top:5px solid #f2f2f2;border-right:5px solid #f2f2f2;border-bottom:5px solid #f2f2f2;border-left:5px solid #f2f2f2;}.kadence-column69997_84587a-29 > .kt-inside-inner-col,.kadence-column69997_84587a-29 > .kt-inside-inner-col:before{border-top-left-radius:30px;border-top-right-radius:30px;border-bottom-right-radius:30px;border-bottom-left-radius:30px;}.kadence-column69997_84587a-29 > .kt-inside-inner-col{column-gap:var(--global-kb-gap-sm, 1rem);}.kadence-column69997_84587a-29 > .kt-inside-inner-col{flex-direction:column;}.kadence-column69997_84587a-29 > .kt-inside-inner-col > .aligncenter{width:100%;}.kadence-column69997_84587a-29 > .kt-inside-inner-col{background-color:#ffffff;}.kadence-column69997_84587a-29 > .kt-inside-inner-col:before{opacity:0.3;}.kadence-column69997_84587a-29{position:relative;}.kadence-column69997_84587a-29, .kt-inside-inner-col > .kadence-column69997_84587a-29:not(.specificity){margin-top:var(--global-kb-spacing-lg, 3rem);}@media all and (max-width: 1024px){.kadence-column69997_84587a-29 > .kt-inside-inner-col{border-top:5px solid #f2f2f2;border-right:5px solid #f2f2f2;border-bottom:5px solid #f2f2f2;border-left:5px solid #f2f2f2;flex-direction:column;justify-content:center;}}@media all and (max-width: 767px){.kadence-column69997_84587a-29 > .kt-inside-inner-col{border-top:5px solid #f2f2f2;border-right:5px solid #f2f2f2;border-bottom:5px solid #f2f2f2;border-left:5px solid #f2f2f2;flex-direction:column;justify-content:center;}}<\/style>\n<div class=\"wp-block-kadence-column kadence-column69997_84587a-29 inner-column-1 container\" id=\"prenota-visita\"><div class=\"kt-inside-inner-col\">\n<h4 class=\"wp-block-heading has-text-align-left\"><strong>Info e Prenotazioni<\/strong><\/h4>\n\n\n\n<p><strong>Visite a partire dal 12 di ottobre<\/strong> <strong>2024<\/strong><\/p>\n\n\n<style>.kb-row-layout-id69997_ea92dd-8d > .kt-row-column-wrap{align-content:start;}:where(.kb-row-layout-id69997_ea92dd-8d > .kt-row-column-wrap) > .wp-block-kadence-column{justify-content:start;}.kb-row-layout-id69997_ea92dd-8d > .kt-row-column-wrap{column-gap:80px;row-gap:var(--global-kb-gap-md, 2rem);padding-top:var(--global-kb-spacing-xxs, 0.5rem);padding-bottom:var(--global-kb-spacing-sm, 1.5rem);grid-template-columns:repeat(2, minmax(0, 1fr));}.kb-row-layout-id69997_ea92dd-8d > .kt-row-layout-overlay{opacity:0.30;}@media all and (max-width: 1024px){.kb-row-layout-id69997_ea92dd-8d > .kt-row-column-wrap{grid-template-columns:repeat(2, minmax(0, 1fr));}}@media all and (max-width: 767px){.kb-row-layout-id69997_ea92dd-8d > .kt-row-column-wrap{grid-template-columns:minmax(0, 1fr);}}<\/style><div class=\"kb-row-layout-wrap kb-row-layout-id69997_ea92dd-8d alignnone wp-block-kadence-rowlayout\"><div class=\"kt-row-column-wrap kt-has-2-columns kt-row-layout-equal kt-tab-layout-inherit kt-mobile-layout-row kt-row-valign-top\">\n<style>.kadence-column69997_87baf9-8c > .kt-inside-inner-col,.kadence-column69997_87baf9-8c > .kt-inside-inner-col:before{border-top-left-radius:0px;border-top-right-radius:0px;border-bottom-right-radius:0px;border-bottom-left-radius:0px;}.kadence-column69997_87baf9-8c > .kt-inside-inner-col{column-gap:var(--global-kb-gap-sm, 1rem);}.kadence-column69997_87baf9-8c > .kt-inside-inner-col{flex-direction:column;}.kadence-column69997_87baf9-8c > .kt-inside-inner-col > .aligncenter{width:100%;}.kadence-column69997_87baf9-8c > .kt-inside-inner-col:before{opacity:0.3;}.kadence-column69997_87baf9-8c{position:relative;}@media all and (max-width: 1024px){.kadence-column69997_87baf9-8c > .kt-inside-inner-col{flex-direction:column;justify-content:center;}}@media all and (max-width: 767px){.kadence-column69997_87baf9-8c > .kt-inside-inner-col{flex-direction:column;justify-content:center;}}<\/style>\n<div class=\"wp-block-kadence-column kadence-column69997_87baf9-8c\"><div class=\"kt-inside-inner-col\">\n<p>Quando prenotare:<\/p>\n\n\n\n<figure class=\"wp-block-table is-style-stripes\"><table class=\"has-fixed-layout\"><tbody><tr><td><strong>per dicembre<\/strong> <strong>2024<\/strong><\/td><td>dal 4 novembre<\/td><\/tr><tr><td><strong>per gennaio<\/strong> <strong>2025<\/strong><\/td><td>dal 2 dicembre<\/td><\/tr><tr><td><strong>per febbraio<\/strong> <strong>2025<\/strong><\/td><td>dal 2 gennaio<\/td><\/tr><tr><td><strong>per marzo<\/strong> <strong>2025<\/strong><\/td><td>dal 3 febbraio<\/td><\/tr><tr><td><strong>per aprile<\/strong> <strong>2025<\/strong><\/td><td>dal 3 marzo<\/td><\/tr><tr><td><strong>per maggio<\/strong> <strong>2025<\/strong><\/td><td>dal 1\u00b0 aprile<\/td><\/tr><tr><td><strong>per giugno<\/strong> <strong>2025<\/strong><\/td><td>dal 2 maggio<\/td><\/tr><tr><td><strong>per luglio<\/strong> <strong>2025<\/strong><\/td><td>dal 3 giugno<\/td><\/tr><\/tbody><\/table><\/figure>\n<\/div><\/div>\n\n\n<style>.kadence-column69997_2684ef-9a > .kt-inside-inner-col,.kadence-column69997_2684ef-9a > .kt-inside-inner-col:before{border-top-left-radius:0px;border-top-right-radius:0px;border-bottom-right-radius:0px;border-bottom-left-radius:0px;}.kadence-column69997_2684ef-9a > .kt-inside-inner-col{column-gap:var(--global-kb-gap-sm, 1rem);}.kadence-column69997_2684ef-9a > .kt-inside-inner-col{flex-direction:column;}.kadence-column69997_2684ef-9a > .kt-inside-inner-col > .aligncenter{width:100%;}.kadence-column69997_2684ef-9a > .kt-inside-inner-col:before{opacity:0.3;}.kadence-column69997_2684ef-9a{position:relative;}@media all and (max-width: 1024px){.kadence-column69997_2684ef-9a > .kt-inside-inner-col{flex-direction:column;justify-content:center;}}@media all and (max-width: 767px){.kadence-column69997_2684ef-9a > .kt-inside-inner-col{flex-direction:column;justify-content:center;}}<\/style>\n<div class=\"wp-block-kadence-column kadence-column69997_2684ef-9a\"><div class=\"kt-inside-inner-col\">\n<p>Per avere ulteriori informazioni via telefono \u00e8 possibile contattare la segreteria con orario 9-14 dal luned\u00ec al venerd\u00ec.<\/p>\n\n\n<style>.wp-block-kadence-iconlist.kt-svg-icon-list-items69997_b3346d-35:not(.this-stops-third-party-issues){margin-top:0px;margin-bottom:0px;}.wp-block-kadence-iconlist.kt-svg-icon-list-items69997_b3346d-35 ul.kt-svg-icon-list:not(.this-prevents-issues):not(.this-stops-third-party-issues):not(.tijsloc){margin-top:0px;margin-right:0px;margin-bottom:var(--global-kb-spacing-sm, 1.5rem);margin-left:0px;}.wp-block-kadence-iconlist.kt-svg-icon-list-items69997_b3346d-35 ul.kt-svg-icon-list{grid-row-gap:5px;}.wp-block-kadence-iconlist.kt-svg-icon-list-items69997_b3346d-35 ul.kt-svg-icon-list .kt-svg-icon-list-item-wrap .kt-svg-icon-list-single{margin-right:10px;}.kt-svg-icon-list-items69997_b3346d-35 ul.kt-svg-icon-list .kt-svg-icon-list-level-0 .kt-svg-icon-list-single svg{font-size:20px;}<\/style>\n<div class=\"wp-block-kadence-iconlist kt-svg-icon-list-items kt-svg-icon-list-items69997_b3346d-35 kt-svg-icon-list-columns-1 alignnone\"><ul class=\"kt-svg-icon-list\"><style>.kt-svg-icon-list-item-69997_d5a415-d9 .kt-svg-icon-list-single{font-size:22px !important;}.kt-svg-icon-list-item-69997_d5a415-d9 .kt-svg-icon-list-text mark.kt-highlight{background-color:unset;font-style:normal;color:#f76a0c;-webkit-box-decoration-break:clone;box-decoration-break:clone;padding-top:0px;padding-right:0px;padding-bottom:0px;padding-left:0px;}<\/style>\n<li class=\"wp-block-kadence-listitem kt-svg-icon-list-item-wrap kt-svg-icon-list-item-69997_d5a415-d9\"><span class=\"kb-svg-icon-wrap kb-svg-icon-fe_phoneCall kt-svg-icon-list-single\"><svg viewBox=\"0 0 24 24\"  fill=\"none\" stroke=\"currentColor\" stroke-width=\"2\" stroke-linecap=\"round\" stroke-linejoin=\"round\" xmlns=\"http:\/\/www.w3.org\/2000\/svg\"  aria-hidden=\"true\"><path d=\"M15.05 5A5 5 0 0 1 19 8.95M15.05 1A9 9 0 0 1 23 8.94m-1 7.98v3a2 2 0 0 1-2.18 2 19.79 19.79 0 0 1-8.63-3.07 19.5 19.5 0 0 1-6-6 19.79 19.79 0 0 1-3.07-8.67A2 2 0 0 1 4.11 2h3a2 2 0 0 1 2 1.72 12.84 12.84 0 0 0 .7 2.81 2 2 0 0 1-.45 2.11L8.09 9.91a16 16 0 0 0 6 6l1.27-1.27a2 2 0 0 1 2.11-.45 12.84 12.84 0 0 0 2.81.7A2 2 0 0 1 22 16.92z\"\/><\/svg><\/span><span class=\"kt-svg-icon-list-text\">055 0317740<\/span><\/li>\n\n\n<style>.kt-svg-icon-list-item-69997_d13f45-1b .kt-svg-icon-list-single{font-size:22px !important;}.kt-svg-icon-list-item-69997_d13f45-1b .kt-svg-icon-list-text mark.kt-highlight{background-color:unset;font-style:normal;color:#f76a0c;-webkit-box-decoration-break:clone;box-decoration-break:clone;padding-top:0px;padding-right:0px;padding-bottom:0px;padding-left:0px;}<\/style>\n<li class=\"wp-block-kadence-listitem kt-svg-icon-list-item-wrap kt-svg-icon-list-item-69997_d13f45-1b\"><span class=\"kb-svg-icon-wrap kb-svg-icon-fe_mail kt-svg-icon-list-single\"><svg viewBox=\"0 0 24 24\"  fill=\"none\" stroke=\"currentColor\" stroke-width=\"2\" stroke-linecap=\"round\" stroke-linejoin=\"round\" xmlns=\"http:\/\/www.w3.org\/2000\/svg\"  aria-hidden=\"true\"><path d=\"M4 4h16c1.1 0 2 .9 2 2v12c0 1.1-.9 2-2 2H4c-1.1 0-2-.9-2-2V6c0-1.1.9-2 2-2z\"\/><polyline points=\"22,6 12,13 2,6\"\/><\/svg><\/span><span class=\"kt-svg-icon-list-text\">infovisitecantieregiotto@fcrf.it<\/span><\/li>\n<\/ul><\/div>\n\n\n\n<div style=\"height:16px\" aria-hidden=\"true\" class=\"wp-block-spacer\"><\/div>\n\n\n\n<p><strong>Durata complessiva&nbsp;dell\u2019appuntamento:<\/strong> circa un\u2019ora, di cui 40 minuti di visita effettiva, con possibilit\u00e0 di visitare il complesso di Santa Croce.<\/p>\n\n\n\n<p><strong>Equipaggiamento<\/strong>: Casco obbligatorio (fornito), scarpe chiuse senza tacco, vietato l\u2019accesso con borse\/zaini.<\/p>\n<\/div><\/div>\n\n<\/div><\/div><\/div><\/div>\n","protected":false},"excerpt":{"rendered":"<p>Anteprima delle visite guidate al cantiere di restauro della Cappella Bardi in Santa Croce per i fiorentini.<\/p>\n","protected":false},"featured_media":70659,"menu_order":16,"template":"single-progetto.php","missioni":[693],"settori":[671],"in_evidenza":[],"stato_progetto":[697],"class_list":["post-69997","progetti","type-progetti","status-publish","has-post-thumbnail","hentry","missioni-cultura","settori-arte-attivita-beni-culturali","stato_progetto-attivo"],"acf":[],"yoast_head":"<!-- This site is optimized with the Yoast SEO plugin v27.4 - https:\/\/yoast.com\/product\/yoast-seo-wordpress\/ -->\n<title>A tu per tu con Giotto - Fondazione CR Firenze<\/title>\n<meta name=\"description\" content=\"Anteprima delle visite guidate al cantiere di restauro della Cappella Bardi in Santa Croce per i fiorentini.\" \/>\n<meta name=\"robots\" content=\"index, follow, max-snippet:-1, max-image-preview:large, max-video-preview:-1\" \/>\n<link rel=\"canonical\" href=\"https:\/\/fondazionecrfirenze.it\/progetti\/a-tu-per-tu-con-giotto\/\" \/>\n<meta property=\"og:locale\" content=\"en_US\" \/>\n<meta property=\"og:type\" content=\"article\" \/>\n<meta property=\"og:title\" content=\"A tu per tu con Giotto - Fondazione CR Firenze\" \/>\n<meta property=\"og:description\" content=\"Anteprima delle visite guidate al cantiere di restauro della Cappella Bardi in Santa Croce per i fiorentini.\" \/>\n<meta property=\"og:url\" content=\"https:\/\/fondazionecrfirenze.it\/progetti\/a-tu-per-tu-con-giotto\/\" \/>\n<meta property=\"og:site_name\" content=\"Fondazione CR Firenze\" \/>\n<meta property=\"article:modified_time\" content=\"2025-11-06T09:55:45+00:00\" \/>\n<meta property=\"og:image\" content=\"https:\/\/fondazionecrfirenze.it\/wp-content\/uploads\/2024\/09\/testata_tu_per_tu_giotto2.webp\" \/>\n\t<meta property=\"og:image:width\" content=\"1600\" \/>\n\t<meta property=\"og:image:height\" content=\"804\" \/>\n\t<meta property=\"og:image:type\" content=\"image\/webp\" \/>\n<meta name=\"twitter:card\" content=\"summary_large_image\" \/>\n<meta name=\"twitter:label1\" content=\"Est. reading time\" \/>\n\t<meta name=\"twitter:data1\" content=\"3 minutes\" \/>\n<script type=\"application\/ld+json\" class=\"yoast-schema-graph\">{\"@context\":\"https:\\\/\\\/schema.org\",\"@graph\":[{\"@type\":\"WebPage\",\"@id\":\"https:\\\/\\\/fondazionecrfirenze.it\\\/progetti\\\/a-tu-per-tu-con-giotto\\\/\",\"url\":\"https:\\\/\\\/fondazionecrfirenze.it\\\/progetti\\\/a-tu-per-tu-con-giotto\\\/\",\"name\":\"A tu per tu con Giotto - Fondazione CR Firenze\",\"isPartOf\":{\"@id\":\"https:\\\/\\\/fondazionecrfirenze.it\\\/#website\"},\"primaryImageOfPage\":{\"@id\":\"https:\\\/\\\/fondazionecrfirenze.it\\\/progetti\\\/a-tu-per-tu-con-giotto\\\/#primaryimage\"},\"image\":{\"@id\":\"https:\\\/\\\/fondazionecrfirenze.it\\\/progetti\\\/a-tu-per-tu-con-giotto\\\/#primaryimage\"},\"thumbnailUrl\":\"https:\\\/\\\/fondazionecrfirenze.it\\\/wp-content\\\/uploads\\\/2024\\\/09\\\/testata_tu_per_tu_giotto2.webp\",\"datePublished\":\"2024-09-04T08:38:33+00:00\",\"dateModified\":\"2025-11-06T09:55:45+00:00\",\"description\":\"Anteprima delle visite guidate al cantiere di restauro della Cappella Bardi in Santa Croce per i fiorentini.\",\"breadcrumb\":{\"@id\":\"https:\\\/\\\/fondazionecrfirenze.it\\\/progetti\\\/a-tu-per-tu-con-giotto\\\/#breadcrumb\"},\"inLanguage\":\"en-US\",\"potentialAction\":[{\"@type\":\"ReadAction\",\"target\":[\"https:\\\/\\\/fondazionecrfirenze.it\\\/progetti\\\/a-tu-per-tu-con-giotto\\\/\"]}]},{\"@type\":\"ImageObject\",\"inLanguage\":\"en-US\",\"@id\":\"https:\\\/\\\/fondazionecrfirenze.it\\\/progetti\\\/a-tu-per-tu-con-giotto\\\/#primaryimage\",\"url\":\"https:\\\/\\\/fondazionecrfirenze.it\\\/wp-content\\\/uploads\\\/2024\\\/09\\\/testata_tu_per_tu_giotto2.webp\",\"contentUrl\":\"https:\\\/\\\/fondazionecrfirenze.it\\\/wp-content\\\/uploads\\\/2024\\\/09\\\/testata_tu_per_tu_giotto2.webp\",\"width\":1600,\"height\":804},{\"@type\":\"BreadcrumbList\",\"@id\":\"https:\\\/\\\/fondazionecrfirenze.it\\\/progetti\\\/a-tu-per-tu-con-giotto\\\/#breadcrumb\",\"itemListElement\":[{\"@type\":\"ListItem\",\"position\":1,\"name\":\"Home\",\"item\":\"https:\\\/\\\/fondazionecrfirenze.it\\\/en\\\/\"},{\"@type\":\"ListItem\",\"position\":2,\"name\":\"Progetti\",\"item\":\"https:\\\/\\\/fondazionecrfirenze.it\\\/progetti\\\/\"},{\"@type\":\"ListItem\",\"position\":3,\"name\":\"A tu per tu con Giotto\"}]},{\"@type\":\"WebSite\",\"@id\":\"https:\\\/\\\/fondazionecrfirenze.it\\\/#website\",\"url\":\"https:\\\/\\\/fondazionecrfirenze.it\\\/\",\"name\":\"Fondazione CR Firenze\",\"description\":\"Siamo un&#039;istituzione filantropica che opera sul territorio grazie agli utili del nostro patrimonio. La nostra Storia guarda al Futuro.\",\"potentialAction\":[{\"@type\":\"SearchAction\",\"target\":{\"@type\":\"EntryPoint\",\"urlTemplate\":\"https:\\\/\\\/fondazionecrfirenze.it\\\/?s={search_term_string}\"},\"query-input\":{\"@type\":\"PropertyValueSpecification\",\"valueRequired\":true,\"valueName\":\"search_term_string\"}}],\"inLanguage\":\"en-US\"}]}<\/script>\n<!-- \/ Yoast SEO plugin. -->","yoast_head_json":{"title":"A tu per tu con Giotto - Fondazione CR Firenze","description":"Anteprima delle visite guidate al cantiere di restauro della Cappella Bardi in Santa Croce per i fiorentini.","robots":{"index":"index","follow":"follow","max-snippet":"max-snippet:-1","max-image-preview":"max-image-preview:large","max-video-preview":"max-video-preview:-1"},"canonical":"https:\/\/fondazionecrfirenze.it\/progetti\/a-tu-per-tu-con-giotto\/","og_locale":"en_US","og_type":"article","og_title":"A tu per tu con Giotto - Fondazione CR Firenze","og_description":"Anteprima delle visite guidate al cantiere di restauro della Cappella Bardi in Santa Croce per i fiorentini.","og_url":"https:\/\/fondazionecrfirenze.it\/progetti\/a-tu-per-tu-con-giotto\/","og_site_name":"Fondazione CR Firenze","article_modified_time":"2025-11-06T09:55:45+00:00","og_image":[{"width":1600,"height":804,"url":"https:\/\/fondazionecrfirenze.it\/wp-content\/uploads\/2024\/09\/testata_tu_per_tu_giotto2.webp","type":"image\/webp"}],"twitter_card":"summary_large_image","twitter_misc":{"Est. reading time":"3 minutes"},"schema":{"@context":"https:\/\/schema.org","@graph":[{"@type":"WebPage","@id":"https:\/\/fondazionecrfirenze.it\/progetti\/a-tu-per-tu-con-giotto\/","url":"https:\/\/fondazionecrfirenze.it\/progetti\/a-tu-per-tu-con-giotto\/","name":"A tu per tu con Giotto - Fondazione CR Firenze","isPartOf":{"@id":"https:\/\/fondazionecrfirenze.it\/#website"},"primaryImageOfPage":{"@id":"https:\/\/fondazionecrfirenze.it\/progetti\/a-tu-per-tu-con-giotto\/#primaryimage"},"image":{"@id":"https:\/\/fondazionecrfirenze.it\/progetti\/a-tu-per-tu-con-giotto\/#primaryimage"},"thumbnailUrl":"https:\/\/fondazionecrfirenze.it\/wp-content\/uploads\/2024\/09\/testata_tu_per_tu_giotto2.webp","datePublished":"2024-09-04T08:38:33+00:00","dateModified":"2025-11-06T09:55:45+00:00","description":"Anteprima delle visite guidate al cantiere di restauro della Cappella Bardi in Santa Croce per i fiorentini.","breadcrumb":{"@id":"https:\/\/fondazionecrfirenze.it\/progetti\/a-tu-per-tu-con-giotto\/#breadcrumb"},"inLanguage":"en-US","potentialAction":[{"@type":"ReadAction","target":["https:\/\/fondazionecrfirenze.it\/progetti\/a-tu-per-tu-con-giotto\/"]}]},{"@type":"ImageObject","inLanguage":"en-US","@id":"https:\/\/fondazionecrfirenze.it\/progetti\/a-tu-per-tu-con-giotto\/#primaryimage","url":"https:\/\/fondazionecrfirenze.it\/wp-content\/uploads\/2024\/09\/testata_tu_per_tu_giotto2.webp","contentUrl":"https:\/\/fondazionecrfirenze.it\/wp-content\/uploads\/2024\/09\/testata_tu_per_tu_giotto2.webp","width":1600,"height":804},{"@type":"BreadcrumbList","@id":"https:\/\/fondazionecrfirenze.it\/progetti\/a-tu-per-tu-con-giotto\/#breadcrumb","itemListElement":[{"@type":"ListItem","position":1,"name":"Home","item":"https:\/\/fondazionecrfirenze.it\/en\/"},{"@type":"ListItem","position":2,"name":"Progetti","item":"https:\/\/fondazionecrfirenze.it\/progetti\/"},{"@type":"ListItem","position":3,"name":"A tu per tu con Giotto"}]},{"@type":"WebSite","@id":"https:\/\/fondazionecrfirenze.it\/#website","url":"https:\/\/fondazionecrfirenze.it\/","name":"Fondazione CR Firenze","description":"Siamo un&#039;istituzione filantropica che opera sul territorio grazie agli utili del nostro patrimonio. La nostra Storia guarda al Futuro.","potentialAction":[{"@type":"SearchAction","target":{"@type":"EntryPoint","urlTemplate":"https:\/\/fondazionecrfirenze.it\/?s={search_term_string}"},"query-input":{"@type":"PropertyValueSpecification","valueRequired":true,"valueName":"search_term_string"}}],"inLanguage":"en-US"}]}},"uagb_featured_image_src":{"full":["https:\/\/fondazionecrfirenze.it\/wp-content\/uploads\/2024\/09\/testata_tu_per_tu_giotto2.webp",1600,804,false],"thumbnail":["https:\/\/fondazionecrfirenze.it\/wp-content\/uploads\/2024\/09\/testata_tu_per_tu_giotto2-150x150.webp",150,150,true],"medium":["https:\/\/fondazionecrfirenze.it\/wp-content\/uploads\/2024\/09\/testata_tu_per_tu_giotto2-300x151.webp",300,151,true],"medium_large":["https:\/\/fondazionecrfirenze.it\/wp-content\/uploads\/2024\/09\/testata_tu_per_tu_giotto2-768x386.webp",768,386,true],"large":["https:\/\/fondazionecrfirenze.it\/wp-content\/uploads\/2024\/09\/testata_tu_per_tu_giotto2-800x402.webp",800,402,true],"1536x1536":["https:\/\/fondazionecrfirenze.it\/wp-content\/uploads\/2024\/09\/testata_tu_per_tu_giotto2-1536x772.webp",1536,772,true],"2048x2048":["https:\/\/fondazionecrfirenze.it\/wp-content\/uploads\/2024\/09\/testata_tu_per_tu_giotto2.webp",1600,804,false],"fcrf_cover":["https:\/\/fondazionecrfirenze.it\/wp-content\/uploads\/2024\/09\/testata_tu_per_tu_giotto2.webp",1600,804,false],"fcrf_big":["https:\/\/fondazionecrfirenze.it\/wp-content\/uploads\/2024\/09\/testata_tu_per_tu_giotto2-1400x800.webp",1400,800,true],"fcrf_quad":["https:\/\/fondazionecrfirenze.it\/wp-content\/uploads\/2024\/09\/testata_tu_per_tu_giotto2-600x600.webp",600,600,true],"fcrf_single":["https:\/\/fondazionecrfirenze.it\/wp-content\/uploads\/2024\/09\/testata_tu_per_tu_giotto2-850x500.webp",850,500,true],"fcrf_correlati":["https:\/\/fondazionecrfirenze.it\/wp-content\/uploads\/2024\/09\/testata_tu_per_tu_giotto2-358x250.webp",358,250,true],"fcrf_home":["https:\/\/fondazionecrfirenze.it\/wp-content\/uploads\/2024\/09\/testata_tu_per_tu_giotto2-400x400.webp",400,400,true],"fcrf_mosaico":["https:\/\/fondazionecrfirenze.it\/wp-content\/uploads\/2024\/09\/testata_tu_per_tu_giotto2-600x400.webp",600,400,true],"fcrf_verticale":["https:\/\/fondazionecrfirenze.it\/wp-content\/uploads\/2024\/09\/testata_tu_per_tu_giotto2-400x500.webp",400,500,true],"fcrf_thumb":["https:\/\/fondazionecrfirenze.it\/wp-content\/uploads\/2024\/09\/testata_tu_per_tu_giotto2-150x150.webp",150,150,true],"fcrf_small":["https:\/\/fondazionecrfirenze.it\/wp-content\/uploads\/2024\/09\/testata_tu_per_tu_giotto2-75x75.webp",75,75,true],"gform-image-choice-sm":["https:\/\/fondazionecrfirenze.it\/wp-content\/uploads\/2024\/09\/testata_tu_per_tu_giotto2.webp",300,151,false],"gform-image-choice-md":["https:\/\/fondazionecrfirenze.it\/wp-content\/uploads\/2024\/09\/testata_tu_per_tu_giotto2.webp",400,201,false],"gform-image-choice-lg":["https:\/\/fondazionecrfirenze.it\/wp-content\/uploads\/2024\/09\/testata_tu_per_tu_giotto2.webp",600,302,false]},"uagb_author_info":{"display_name":"Fondazione CR Firenze","author_link":"https:\/\/fondazionecrfirenze.it\/en\/author\/"},"uagb_comment_info":0,"uagb_excerpt":"Anteprima delle visite guidate al cantiere di restauro della Cappella Bardi in Santa Croce per i fiorentini.","_links":{"self":[{"href":"https:\/\/fondazionecrfirenze.it\/en\/wp-json\/wp\/v2\/progetti\/69997","targetHints":{"allow":["GET"]}}],"collection":[{"href":"https:\/\/fondazionecrfirenze.it\/en\/wp-json\/wp\/v2\/progetti"}],"about":[{"href":"https:\/\/fondazionecrfirenze.it\/en\/wp-json\/wp\/v2\/types\/progetti"}],"version-history":[{"count":12,"href":"https:\/\/fondazionecrfirenze.it\/en\/wp-json\/wp\/v2\/progetti\/69997\/revisions"}],"predecessor-version":[{"id":78902,"href":"https:\/\/fondazionecrfirenze.it\/en\/wp-json\/wp\/v2\/progetti\/69997\/revisions\/78902"}],"wp:featuredmedia":[{"embeddable":true,"href":"https:\/\/fondazionecrfirenze.it\/en\/wp-json\/wp\/v2\/media\/70659"}],"wp:attachment":[{"href":"https:\/\/fondazionecrfirenze.it\/en\/wp-json\/wp\/v2\/media?parent=69997"}],"wp:term":[{"taxonomy":"missioni","embeddable":true,"href":"https:\/\/fondazionecrfirenze.it\/en\/wp-json\/wp\/v2\/missioni?post=69997"},{"taxonomy":"settori","embeddable":true,"href":"https:\/\/fondazionecrfirenze.it\/en\/wp-json\/wp\/v2\/settori?post=69997"},{"taxonomy":"in_evidenza","embeddable":true,"href":"https:\/\/fondazionecrfirenze.it\/en\/wp-json\/wp\/v2\/in_evidenza?post=69997"},{"taxonomy":"stato_progetto","embeddable":true,"href":"https:\/\/fondazionecrfirenze.it\/en\/wp-json\/wp\/v2\/stato_progetto?post=69997"}],"curies":[{"name":"wp","href":"https:\/\/api.w.org\/{rel}","templated":true}]}}