{"id":55804,"date":"2022-10-25T10:12:50","date_gmt":"2022-10-25T08:12:50","guid":{"rendered":"https:\/\/fondazionecrfirenze.it\/?post_type=progetti&#038;p=55804"},"modified":"2024-09-30T12:46:19","modified_gmt":"2024-09-30T10:46:19","slug":"il-grande-restauro-delle-rampe-del-poggi-a-firenze","status":"publish","type":"progetti","link":"https:\/\/fondazionecrfirenze.it\/en\/progetti\/il-grande-restauro-delle-rampe-del-poggi-a-firenze\/","title":{"rendered":"Il grande restauro delle Rampe del Poggi a Firenze"},"content":{"rendered":"<style>.kb-row-layout-id_fa3474-d8 > .kt-row-column-wrap{align-content:start;}:where(.kb-row-layout-id_fa3474-d8 > .kt-row-column-wrap) > .wp-block-kadence-column{justify-content:start;}.kb-row-layout-id_fa3474-d8 > .kt-row-column-wrap{column-gap:80px;row-gap:var(--global-kb-gap-md, 2rem);padding-top:var(--global-kb-spacing-sm, 1.5rem);padding-bottom:var(--global-kb-spacing-sm, 1.5rem);grid-template-columns:repeat(2, minmax(0, 1fr));}.kb-row-layout-id_fa3474-d8 > .kt-row-layout-overlay{opacity:0.30;}@media all and (max-width: 1024px){.kb-row-layout-id_fa3474-d8 > .kt-row-column-wrap{grid-template-columns:repeat(2, minmax(0, 1fr));}}@media all and (max-width: 767px){.kb-row-layout-id_fa3474-d8 > .kt-row-column-wrap{grid-template-columns:minmax(0, 1fr);}}<\/style><div class=\"kb-row-layout-wrap kb-row-layout-id_fa3474-d8 alignnone container wp-block-kadence-rowlayout\"><div class=\"kt-row-column-wrap kt-has-2-columns kt-row-layout-equal kt-tab-layout-inherit kt-mobile-layout-row kt-row-valign-top\">\n<style>.kadence-column_f7332c-84 > .kt-inside-inner-col,.kadence-column_f7332c-84 > .kt-inside-inner-col:before{border-top-left-radius:0px;border-top-right-radius:0px;border-bottom-right-radius:0px;border-bottom-left-radius:0px;}.kadence-column_f7332c-84 > .kt-inside-inner-col{column-gap:var(--global-kb-gap-sm, 1rem);}.kadence-column_f7332c-84 > .kt-inside-inner-col{flex-direction:column;}.kadence-column_f7332c-84 > .kt-inside-inner-col > .aligncenter{width:100%;}.kadence-column_f7332c-84 > .kt-inside-inner-col:before{opacity:0.3;}.kadence-column_f7332c-84{position:relative;}@media all and (max-width: 1024px){.kadence-column_f7332c-84 > .kt-inside-inner-col{flex-direction:column;justify-content:center;}}@media all and (max-width: 767px){.kadence-column_f7332c-84 > .kt-inside-inner-col{flex-direction:column;justify-content:center;}}<\/style>\n<div class=\"wp-block-kadence-column kadence-column_f7332c-84 inner-column-1\"><div class=\"kt-inside-inner-col\">\n<h4 class=\"wp-block-heading\">Un impegnativo progetto di restauro che ha permesso, dopo quasi un secolo, il ritorno delle fontane e delle cascate delle Rampe del Poggi, un sistema architettonico ideato dall\u2019architetto Giuseppe Poggi alla fine dell\u2019800 per il consolidamento della Collina di San Miniato.<\/h4>\n<\/div><\/div>\n\n\n<style>.kadence-column_da5fb3-d5 > .kt-inside-inner-col,.kadence-column_da5fb3-d5 > .kt-inside-inner-col:before{border-top-left-radius:0px;border-top-right-radius:0px;border-bottom-right-radius:0px;border-bottom-left-radius:0px;}.kadence-column_da5fb3-d5 > .kt-inside-inner-col{column-gap:var(--global-kb-gap-sm, 1rem);}.kadence-column_da5fb3-d5 > .kt-inside-inner-col{flex-direction:column;}.kadence-column_da5fb3-d5 > .kt-inside-inner-col > .aligncenter{width:100%;}.kadence-column_da5fb3-d5 > .kt-inside-inner-col:before{opacity:0.3;}.kadence-column_da5fb3-d5{position:relative;}@media all and (max-width: 1024px){.kadence-column_da5fb3-d5 > .kt-inside-inner-col{flex-direction:column;justify-content:center;}}@media all and (max-width: 767px){.kadence-column_da5fb3-d5 > .kt-inside-inner-col{flex-direction:column;justify-content:center;}}<\/style>\n<div class=\"wp-block-kadence-column kadence-column_da5fb3-d5 inner-column-2\"><div class=\"kt-inside-inner-col\">\n<p>Gli interventi di restauro, cominciati nel luglio 2018, sono stati interamente sostenuti da Fondazione CR Firenze nell\u2019ambito della normativa \u2018Art Bonus\u2019 e curati dal Comune di Firenze. Tutta l\u2019operazione ha comportato per la Fondazione un impegno economico complessivo di 2,5 milioni di Euro. L\u2019attivit\u00e0 di tutela \u00e8 stata svolta dalla Soprintendenza Archeologica, Belle Arti e Paesaggio per la Citt\u00e0 Metropolitana di Firenze e per le provincie di Pistoia e Prato.<\/p>\n<\/div><\/div>\n\n<\/div><\/div>\n\n<style>.kb-row-layout-id_e7288a-7b > .kt-row-column-wrap{align-content:start;}:where(.kb-row-layout-id_e7288a-7b > .kt-row-column-wrap) > .wp-block-kadence-column{justify-content:start;}.kb-row-layout-id_e7288a-7b > .kt-row-column-wrap{column-gap:80px;row-gap:var(--global-kb-gap-md, 2rem);padding-top:var(--global-kb-spacing-sm, 1.5rem);padding-bottom:var(--global-kb-spacing-sm, 1.5rem);grid-template-columns:repeat(2, minmax(0, 1fr));}.kb-row-layout-id_e7288a-7b > .kt-row-layout-overlay{opacity:0.30;}@media all and (max-width: 1024px){.kb-row-layout-id_e7288a-7b > .kt-row-column-wrap{grid-template-columns:repeat(2, minmax(0, 1fr));}}@media all and (max-width: 767px){.kb-row-layout-id_e7288a-7b > .kt-row-column-wrap{grid-template-columns:minmax(0, 1fr);}}<\/style><div class=\"kb-row-layout-wrap kb-row-layout-id_e7288a-7b alignnone container wp-block-kadence-rowlayout\"><div class=\"kt-row-column-wrap kt-has-2-columns kt-row-layout-equal kt-tab-layout-inherit kt-mobile-layout-row kt-row-valign-top\">\n<style>.kadence-column_4a33d9-08 > .kt-inside-inner-col,.kadence-column_4a33d9-08 > .kt-inside-inner-col:before{border-top-left-radius:0px;border-top-right-radius:0px;border-bottom-right-radius:0px;border-bottom-left-radius:0px;}.kadence-column_4a33d9-08 > .kt-inside-inner-col{column-gap:var(--global-kb-gap-sm, 1rem);}.kadence-column_4a33d9-08 > .kt-inside-inner-col{flex-direction:column;}.kadence-column_4a33d9-08 > .kt-inside-inner-col > .aligncenter{width:100%;}.kadence-column_4a33d9-08 > .kt-inside-inner-col:before{opacity:0.3;}.kadence-column_4a33d9-08{position:relative;}@media all and (max-width: 1024px){.kadence-column_4a33d9-08 > .kt-inside-inner-col{flex-direction:column;justify-content:center;}}@media all and (max-width: 767px){.kadence-column_4a33d9-08 > .kt-inside-inner-col{flex-direction:column;justify-content:center;}}<\/style>\n<div class=\"wp-block-kadence-column kadence-column_4a33d9-08 inner-column-1\"><div class=\"kt-inside-inner-col\">\n<figure class=\"wp-block-embed is-type-video is-provider-youtube wp-block-embed-youtube wp-embed-aspect-16-9 wp-has-aspect-ratio\"><div class=\"wp-block-embed__wrapper\">\n<iframe loading=\"lazy\" title=\"Il Grande restauro delle Rampe: il documentario\" width=\"1400\" height=\"788\" src=\"https:\/\/www.youtube.com\/embed\/i2NTuZhA708?feature=oembed\" frameborder=\"0\" allow=\"accelerometer; autoplay; clipboard-write; encrypted-media; gyroscope; picture-in-picture; web-share\" allowfullscreen><\/iframe>\n<\/div><\/figure>\n<\/div><\/div>\n\n\n<style>.kadence-column_a54cd2-23 > .kt-inside-inner-col,.kadence-column_a54cd2-23 > .kt-inside-inner-col:before{border-top-left-radius:0px;border-top-right-radius:0px;border-bottom-right-radius:0px;border-bottom-left-radius:0px;}.kadence-column_a54cd2-23 > .kt-inside-inner-col{column-gap:var(--global-kb-gap-sm, 1rem);}.kadence-column_a54cd2-23 > .kt-inside-inner-col{flex-direction:column;}.kadence-column_a54cd2-23 > .kt-inside-inner-col > .aligncenter{width:100%;}.kadence-column_a54cd2-23 > .kt-inside-inner-col:before{opacity:0.3;}.kadence-column_a54cd2-23{position:relative;}@media all and (max-width: 1024px){.kadence-column_a54cd2-23 > .kt-inside-inner-col{flex-direction:column;justify-content:center;}}@media all and (max-width: 767px){.kadence-column_a54cd2-23 > .kt-inside-inner-col{flex-direction:column;justify-content:center;}}<\/style>\n<div class=\"wp-block-kadence-column kadence-column_a54cd2-23 inner-column-2\"><div class=\"kt-inside-inner-col\">\n<p>In questo contesto un\u2019 importanza del tutto particolare \u00e8 rappresentata dall\u2019acqua che scorre dall\u2019alto, in suggestivo contrappunto con le acque dell\u2019Arno, e che torna a scorrere dopo un secolo di silenzio e che restituisce a tutto l\u2019insieme il fascino del giardino romantico della seconda met\u00e0 dell\u2019 Ottocento.<\/p>\n\n\n\n<p>L\u2019acqua infatti fuoriesce dalla sommit\u00e0, dove sono visibili il giglio e la conchiglia, e riempie la prima vasca per confluire nelle tre grotte. Quindi riempie la seconda vasca e attraversa la cascata lunga 8 metri ed alta circa 5 metri cadendo nell\u2019ultima vasca; da qui raggiunge la parte alta delle Cinque Grotte per confluire poi nella vasca ovale e nella grotta singola posta immediatamente sotto la vasca ovale. Infine tutta l\u2019acqua confluisce nella vasca grande della Torre di San Niccol\u00f2 e nelle due vasche laterali alla Torre.<\/p>\n\n\n\n<p>Per alimentare il sistema \u00e8 stato costruito un nuovo impianto idrico sostenibile dal punto di vista ambientale e dei costi di gestione, utilizzando un sistema di ricircolo alimentato con acqua di pozzo, senza attingere dalla rete idrica cittadina. Di particolare importanza \u00e8 stato il recupero della componente vegetale che ha salvaguardato la forma e l\u2019aspetto polimaterico delle componenti architettoniche collocando piante ornamentali, acquatiche e semiacquatiche compatibili con quelle originali, in gruppi omogenei distribuiti negli spazi predisposti per l\u2019impianto vegetale.<\/p>\n\n\n<style>.wp-block-kadence-advancedbtn.kb-btns_fed5a6-16{gap:var(--global-kb-gap-xs, 0.5rem );justify-content:flex-start;align-items:center;}.kt-btns_fed5a6-16 .kt-button{font-weight:normal;font-style:normal;}<\/style>\n<div class=\"wp-block-kadence-advancedbtn kb-buttons-wrap kb-btns_fed5a6-16\"><style>ul.menu .wp-block-kadence-advancedbtn .kb-btn_18cd62-9b.kb-button{width:initial;}.wp-block-kadence-advancedbtn .kb-btn_18cd62-9b.kb-button{color:#333333;border-top-left-radius:0px;border-top-right-radius:0px;border-bottom-right-radius:0px;border-bottom-left-radius:0px;border-top:0px solid #555555;border-right:0px solid #555555;border-bottom:0px solid #555555;border-left:0px solid #555555;margin-left:-15px;}.wp-block-kadence-advancedbtn .kb-btn_18cd62-9b.kb-button:hover, .wp-block-kadence-advancedbtn .kb-btn_18cd62-9b.kb-button:focus{color:#333333;background:rgba(68, 68, 68, 0);border-top-color:#444444;border-top-style:solid;border-right-color:#444444;border-right-style:solid;border-bottom-color:#444444;border-bottom-style:solid;border-left-color:#444444;border-left-style:solid;}@media all and (max-width: 1024px){.wp-block-kadence-advancedbtn .kb-btn_18cd62-9b.kb-button{border-top:0px solid #555555;border-right:0px solid #555555;border-bottom:0px solid #555555;border-left:0px solid #555555;}}@media all and (max-width: 1024px){.wp-block-kadence-advancedbtn .kb-btn_18cd62-9b.kb-button:hover, .wp-block-kadence-advancedbtn .kb-btn_18cd62-9b.kb-button:focus{border-top-color:#444444;border-top-style:solid;border-right-color:#444444;border-right-style:solid;border-bottom-color:#444444;border-bottom-style:solid;border-left-color:#444444;border-left-style:solid;}}@media all and (max-width: 767px){.wp-block-kadence-advancedbtn .kb-btn_18cd62-9b.kb-button{border-top:0px solid #555555;border-right:0px solid #555555;border-bottom:0px solid #555555;border-left:0px solid #555555;}.wp-block-kadence-advancedbtn .kb-btn_18cd62-9b.kb-button:hover, .wp-block-kadence-advancedbtn .kb-btn_18cd62-9b.kb-button:focus{border-top-color:#444444;border-top-style:solid;border-right-color:#444444;border-right-style:solid;border-bottom-color:#444444;border-bottom-style:solid;border-left-color:#444444;border-left-style:solid;}}<\/style><a class=\"kb-button kt-button button kb-btn_18cd62-9b kt-btn-size-standard kt-btn-width-type-auto kb-btn-global-outline  kt-btn-has-text-true kt-btn-has-svg-true  wp-block-kadence-singlebtn\" href=\"https:\/\/fondazionecrfirenze.it\/progetti\/le-rampe-in-festa\/\"><span class=\"kt-btn-inner-text\"><strong>Le Rampe in Festa<\/strong><\/span><span class=\"kb-svg-icon-wrap kb-svg-icon-fe_arrowRight kt-btn-icon-side-right\"><svg viewBox=\"0 0 24 24\"  fill=\"none\" stroke=\"currentColor\" stroke-width=\"2\" stroke-linecap=\"round\" stroke-linejoin=\"round\" xmlns=\"http:\/\/www.w3.org\/2000\/svg\"  aria-hidden=\"true\"><line x1=\"5\" y1=\"12\" x2=\"19\" y2=\"12\"\/><polyline points=\"12 5 19 12 12 19\"\/><\/svg><\/span><\/a><\/div>\n<\/div><\/div>\n\n<\/div><\/div>","protected":false},"excerpt":{"rendered":"<p>Un impegnativo progetto di restauro che ha permesso il ritorno delle fontane e delle cascate delle Rampe del Poggi.<\/p>\n","protected":false},"featured_media":60188,"menu_order":78,"template":"single-progetto.php","missioni":[679],"settori":[671],"in_evidenza":[],"stato_progetto":[697],"class_list":["post-55804","progetti","type-progetti","status-publish","has-post-thumbnail","hentry","missioni-citta-territorio","settori-arte-attivita-beni-culturali","stato_progetto-attivo"],"acf":[],"yoast_head":"<!-- This site is optimized with the Yoast SEO plugin v27.5 - https:\/\/yoast.com\/product\/yoast-seo-wordpress\/ -->\n<title>Il grande restauro delle Rampe del Poggi a Firenze - Fondazione CR Firenze<\/title>\n<meta name=\"robots\" content=\"index, follow, max-snippet:-1, max-image-preview:large, max-video-preview:-1\" \/>\n<link rel=\"canonical\" href=\"https:\/\/fondazionecrfirenze.it\/progetti\/il-grande-restauro-delle-rampe-del-poggi-a-firenze\/\" \/>\n<meta property=\"og:locale\" content=\"en_US\" \/>\n<meta property=\"og:type\" content=\"article\" \/>\n<meta property=\"og:title\" content=\"Il grande restauro delle Rampe del Poggi a Firenze - Fondazione CR Firenze\" \/>\n<meta property=\"og:description\" content=\"Un impegnativo progetto di restauro che ha permesso il ritorno delle fontane e delle cascate delle Rampe del Poggi.\" \/>\n<meta property=\"og:url\" content=\"https:\/\/fondazionecrfirenze.it\/progetti\/il-grande-restauro-delle-rampe-del-poggi-a-firenze\/\" \/>\n<meta property=\"og:site_name\" content=\"Fondazione CR Firenze\" \/>\n<meta property=\"article:modified_time\" content=\"2024-09-30T10:46:19+00:00\" \/>\n<meta property=\"og:image\" content=\"https:\/\/fondazionecrfirenze.it\/wp-content\/uploads\/2022\/10\/Progetto-senza-titolo-31.jpg\" \/>\n\t<meta property=\"og:image:width\" content=\"1600\" \/>\n\t<meta property=\"og:image:height\" content=\"900\" \/>\n\t<meta property=\"og:image:type\" content=\"image\/jpeg\" \/>\n<meta name=\"twitter:card\" content=\"summary_large_image\" \/>\n<meta name=\"twitter:label1\" content=\"Est. reading time\" \/>\n\t<meta name=\"twitter:data1\" content=\"2 minutes\" \/>\n<script type=\"application\/ld+json\" class=\"yoast-schema-graph\">{\"@context\":\"https:\\\/\\\/schema.org\",\"@graph\":[{\"@type\":\"WebPage\",\"@id\":\"https:\\\/\\\/fondazionecrfirenze.it\\\/progetti\\\/il-grande-restauro-delle-rampe-del-poggi-a-firenze\\\/\",\"url\":\"https:\\\/\\\/fondazionecrfirenze.it\\\/progetti\\\/il-grande-restauro-delle-rampe-del-poggi-a-firenze\\\/\",\"name\":\"Il grande restauro delle Rampe del Poggi a Firenze - Fondazione CR Firenze\",\"isPartOf\":{\"@id\":\"https:\\\/\\\/fondazionecrfirenze.it\\\/#website\"},\"primaryImageOfPage\":{\"@id\":\"https:\\\/\\\/fondazionecrfirenze.it\\\/progetti\\\/il-grande-restauro-delle-rampe-del-poggi-a-firenze\\\/#primaryimage\"},\"image\":{\"@id\":\"https:\\\/\\\/fondazionecrfirenze.it\\\/progetti\\\/il-grande-restauro-delle-rampe-del-poggi-a-firenze\\\/#primaryimage\"},\"thumbnailUrl\":\"https:\\\/\\\/fondazionecrfirenze.it\\\/wp-content\\\/uploads\\\/2022\\\/10\\\/Progetto-senza-titolo-31.jpg\",\"datePublished\":\"2022-10-25T08:12:50+00:00\",\"dateModified\":\"2024-09-30T10:46:19+00:00\",\"breadcrumb\":{\"@id\":\"https:\\\/\\\/fondazionecrfirenze.it\\\/progetti\\\/il-grande-restauro-delle-rampe-del-poggi-a-firenze\\\/#breadcrumb\"},\"inLanguage\":\"en-US\",\"potentialAction\":[{\"@type\":\"ReadAction\",\"target\":[\"https:\\\/\\\/fondazionecrfirenze.it\\\/progetti\\\/il-grande-restauro-delle-rampe-del-poggi-a-firenze\\\/\"]}]},{\"@type\":\"ImageObject\",\"inLanguage\":\"en-US\",\"@id\":\"https:\\\/\\\/fondazionecrfirenze.it\\\/progetti\\\/il-grande-restauro-delle-rampe-del-poggi-a-firenze\\\/#primaryimage\",\"url\":\"https:\\\/\\\/fondazionecrfirenze.it\\\/wp-content\\\/uploads\\\/2022\\\/10\\\/Progetto-senza-titolo-31.jpg\",\"contentUrl\":\"https:\\\/\\\/fondazionecrfirenze.it\\\/wp-content\\\/uploads\\\/2022\\\/10\\\/Progetto-senza-titolo-31.jpg\",\"width\":1600,\"height\":900,\"caption\":\"restauro le rampe\"},{\"@type\":\"BreadcrumbList\",\"@id\":\"https:\\\/\\\/fondazionecrfirenze.it\\\/progetti\\\/il-grande-restauro-delle-rampe-del-poggi-a-firenze\\\/#breadcrumb\",\"itemListElement\":[{\"@type\":\"ListItem\",\"position\":1,\"name\":\"Home\",\"item\":\"https:\\\/\\\/fondazionecrfirenze.it\\\/en\\\/\"},{\"@type\":\"ListItem\",\"position\":2,\"name\":\"Progetti\",\"item\":\"https:\\\/\\\/fondazionecrfirenze.it\\\/progetti\\\/\"},{\"@type\":\"ListItem\",\"position\":3,\"name\":\"Il grande restauro delle Rampe del Poggi a Firenze\"}]},{\"@type\":\"WebSite\",\"@id\":\"https:\\\/\\\/fondazionecrfirenze.it\\\/#website\",\"url\":\"https:\\\/\\\/fondazionecrfirenze.it\\\/\",\"name\":\"Fondazione CR Firenze\",\"description\":\"Siamo un&#039;istituzione filantropica che opera sul territorio grazie agli utili del nostro patrimonio. La nostra Storia guarda al Futuro.\",\"potentialAction\":[{\"@type\":\"SearchAction\",\"target\":{\"@type\":\"EntryPoint\",\"urlTemplate\":\"https:\\\/\\\/fondazionecrfirenze.it\\\/?s={search_term_string}\"},\"query-input\":{\"@type\":\"PropertyValueSpecification\",\"valueRequired\":true,\"valueName\":\"search_term_string\"}}],\"inLanguage\":\"en-US\"}]}<\/script>\n<!-- \/ Yoast SEO plugin. -->","yoast_head_json":{"title":"Il grande restauro delle Rampe del Poggi a Firenze - Fondazione CR Firenze","robots":{"index":"index","follow":"follow","max-snippet":"max-snippet:-1","max-image-preview":"max-image-preview:large","max-video-preview":"max-video-preview:-1"},"canonical":"https:\/\/fondazionecrfirenze.it\/progetti\/il-grande-restauro-delle-rampe-del-poggi-a-firenze\/","og_locale":"en_US","og_type":"article","og_title":"Il grande restauro delle Rampe del Poggi a Firenze - Fondazione CR Firenze","og_description":"Un impegnativo progetto di restauro che ha permesso il ritorno delle fontane e delle cascate delle Rampe del Poggi.","og_url":"https:\/\/fondazionecrfirenze.it\/progetti\/il-grande-restauro-delle-rampe-del-poggi-a-firenze\/","og_site_name":"Fondazione CR Firenze","article_modified_time":"2024-09-30T10:46:19+00:00","og_image":[{"width":1600,"height":900,"url":"https:\/\/fondazionecrfirenze.it\/wp-content\/uploads\/2022\/10\/Progetto-senza-titolo-31.jpg","type":"image\/jpeg"}],"twitter_card":"summary_large_image","twitter_misc":{"Est. reading time":"2 minutes"},"schema":{"@context":"https:\/\/schema.org","@graph":[{"@type":"WebPage","@id":"https:\/\/fondazionecrfirenze.it\/progetti\/il-grande-restauro-delle-rampe-del-poggi-a-firenze\/","url":"https:\/\/fondazionecrfirenze.it\/progetti\/il-grande-restauro-delle-rampe-del-poggi-a-firenze\/","name":"Il grande restauro delle Rampe del Poggi a Firenze - Fondazione CR Firenze","isPartOf":{"@id":"https:\/\/fondazionecrfirenze.it\/#website"},"primaryImageOfPage":{"@id":"https:\/\/fondazionecrfirenze.it\/progetti\/il-grande-restauro-delle-rampe-del-poggi-a-firenze\/#primaryimage"},"image":{"@id":"https:\/\/fondazionecrfirenze.it\/progetti\/il-grande-restauro-delle-rampe-del-poggi-a-firenze\/#primaryimage"},"thumbnailUrl":"https:\/\/fondazionecrfirenze.it\/wp-content\/uploads\/2022\/10\/Progetto-senza-titolo-31.jpg","datePublished":"2022-10-25T08:12:50+00:00","dateModified":"2024-09-30T10:46:19+00:00","breadcrumb":{"@id":"https:\/\/fondazionecrfirenze.it\/progetti\/il-grande-restauro-delle-rampe-del-poggi-a-firenze\/#breadcrumb"},"inLanguage":"en-US","potentialAction":[{"@type":"ReadAction","target":["https:\/\/fondazionecrfirenze.it\/progetti\/il-grande-restauro-delle-rampe-del-poggi-a-firenze\/"]}]},{"@type":"ImageObject","inLanguage":"en-US","@id":"https:\/\/fondazionecrfirenze.it\/progetti\/il-grande-restauro-delle-rampe-del-poggi-a-firenze\/#primaryimage","url":"https:\/\/fondazionecrfirenze.it\/wp-content\/uploads\/2022\/10\/Progetto-senza-titolo-31.jpg","contentUrl":"https:\/\/fondazionecrfirenze.it\/wp-content\/uploads\/2022\/10\/Progetto-senza-titolo-31.jpg","width":1600,"height":900,"caption":"restauro le rampe"},{"@type":"BreadcrumbList","@id":"https:\/\/fondazionecrfirenze.it\/progetti\/il-grande-restauro-delle-rampe-del-poggi-a-firenze\/#breadcrumb","itemListElement":[{"@type":"ListItem","position":1,"name":"Home","item":"https:\/\/fondazionecrfirenze.it\/en\/"},{"@type":"ListItem","position":2,"name":"Progetti","item":"https:\/\/fondazionecrfirenze.it\/progetti\/"},{"@type":"ListItem","position":3,"name":"Il grande restauro delle Rampe del Poggi a Firenze"}]},{"@type":"WebSite","@id":"https:\/\/fondazionecrfirenze.it\/#website","url":"https:\/\/fondazionecrfirenze.it\/","name":"Fondazione CR Firenze","description":"Siamo un&#039;istituzione filantropica che opera sul territorio grazie agli utili del nostro patrimonio. La nostra Storia guarda al Futuro.","potentialAction":[{"@type":"SearchAction","target":{"@type":"EntryPoint","urlTemplate":"https:\/\/fondazionecrfirenze.it\/?s={search_term_string}"},"query-input":{"@type":"PropertyValueSpecification","valueRequired":true,"valueName":"search_term_string"}}],"inLanguage":"en-US"}]}},"uagb_featured_image_src":{"full":["https:\/\/fondazionecrfirenze.it\/wp-content\/uploads\/2022\/10\/Progetto-senza-titolo-31.jpg",1600,900,false],"thumbnail":["https:\/\/fondazionecrfirenze.it\/wp-content\/uploads\/2022\/10\/Progetto-senza-titolo-31-150x150.jpg",150,150,true],"medium":["https:\/\/fondazionecrfirenze.it\/wp-content\/uploads\/2022\/10\/Progetto-senza-titolo-31-300x169.jpg",300,169,true],"medium_large":["https:\/\/fondazionecrfirenze.it\/wp-content\/uploads\/2022\/10\/Progetto-senza-titolo-31-768x432.jpg",768,432,true],"large":["https:\/\/fondazionecrfirenze.it\/wp-content\/uploads\/2022\/10\/Progetto-senza-titolo-31-800x450.jpg",800,450,true],"1536x1536":["https:\/\/fondazionecrfirenze.it\/wp-content\/uploads\/2022\/10\/Progetto-senza-titolo-31-1536x864.jpg",1536,864,true],"2048x2048":["https:\/\/fondazionecrfirenze.it\/wp-content\/uploads\/2022\/10\/Progetto-senza-titolo-31.jpg",1600,900,false],"fcrf_cover":["https:\/\/fondazionecrfirenze.it\/wp-content\/uploads\/2022\/10\/Progetto-senza-titolo-31.jpg",1600,900,false],"fcrf_big":["https:\/\/fondazionecrfirenze.it\/wp-content\/uploads\/2022\/10\/Progetto-senza-titolo-31-1400x800.jpg",1400,800,true],"fcrf_quad":["https:\/\/fondazionecrfirenze.it\/wp-content\/uploads\/2022\/10\/Progetto-senza-titolo-31-600x600.jpg",600,600,true],"fcrf_single":["https:\/\/fondazionecrfirenze.it\/wp-content\/uploads\/2022\/10\/Progetto-senza-titolo-31-850x500.jpg",850,500,true],"fcrf_correlati":["https:\/\/fondazionecrfirenze.it\/wp-content\/uploads\/2022\/10\/Progetto-senza-titolo-31-358x250.jpg",358,250,true],"fcrf_home":["https:\/\/fondazionecrfirenze.it\/wp-content\/uploads\/2022\/10\/Progetto-senza-titolo-31-400x400.jpg",400,400,true],"fcrf_mosaico":["https:\/\/fondazionecrfirenze.it\/wp-content\/uploads\/2022\/10\/Progetto-senza-titolo-31-600x400.jpg",600,400,true],"fcrf_verticale":["https:\/\/fondazionecrfirenze.it\/wp-content\/uploads\/2022\/10\/Progetto-senza-titolo-31-400x500.jpg",400,500,true],"fcrf_thumb":["https:\/\/fondazionecrfirenze.it\/wp-content\/uploads\/2022\/10\/Progetto-senza-titolo-31-150x150.jpg",150,150,true],"fcrf_small":["https:\/\/fondazionecrfirenze.it\/wp-content\/uploads\/2022\/10\/Progetto-senza-titolo-31.jpg",75,42,false],"gform-image-choice-sm":["https:\/\/fondazionecrfirenze.it\/wp-content\/uploads\/2022\/10\/Progetto-senza-titolo-31.jpg",300,169,false],"gform-image-choice-md":["https:\/\/fondazionecrfirenze.it\/wp-content\/uploads\/2022\/10\/Progetto-senza-titolo-31.jpg",400,225,false],"gform-image-choice-lg":["https:\/\/fondazionecrfirenze.it\/wp-content\/uploads\/2022\/10\/Progetto-senza-titolo-31.jpg",600,338,false]},"uagb_author_info":{"display_name":"Fondazione CR Firenze","author_link":"https:\/\/fondazionecrfirenze.it\/en\/author\/"},"uagb_comment_info":0,"uagb_excerpt":"Un impegnativo progetto di restauro che ha permesso il ritorno delle fontane e delle cascate delle Rampe del Poggi.","_links":{"self":[{"href":"https:\/\/fondazionecrfirenze.it\/en\/wp-json\/wp\/v2\/progetti\/55804","targetHints":{"allow":["GET"]}}],"collection":[{"href":"https:\/\/fondazionecrfirenze.it\/en\/wp-json\/wp\/v2\/progetti"}],"about":[{"href":"https:\/\/fondazionecrfirenze.it\/en\/wp-json\/wp\/v2\/types\/progetti"}],"version-history":[{"count":11,"href":"https:\/\/fondazionecrfirenze.it\/en\/wp-json\/wp\/v2\/progetti\/55804\/revisions"}],"predecessor-version":[{"id":63793,"href":"https:\/\/fondazionecrfirenze.it\/en\/wp-json\/wp\/v2\/progetti\/55804\/revisions\/63793"}],"wp:featuredmedia":[{"embeddable":true,"href":"https:\/\/fondazionecrfirenze.it\/en\/wp-json\/wp\/v2\/media\/60188"}],"wp:attachment":[{"href":"https:\/\/fondazionecrfirenze.it\/en\/wp-json\/wp\/v2\/media?parent=55804"}],"wp:term":[{"taxonomy":"missioni","embeddable":true,"href":"https:\/\/fondazionecrfirenze.it\/en\/wp-json\/wp\/v2\/missioni?post=55804"},{"taxonomy":"settori","embeddable":true,"href":"https:\/\/fondazionecrfirenze.it\/en\/wp-json\/wp\/v2\/settori?post=55804"},{"taxonomy":"in_evidenza","embeddable":true,"href":"https:\/\/fondazionecrfirenze.it\/en\/wp-json\/wp\/v2\/in_evidenza?post=55804"},{"taxonomy":"stato_progetto","embeddable":true,"href":"https:\/\/fondazionecrfirenze.it\/en\/wp-json\/wp\/v2\/stato_progetto?post=55804"}],"curies":[{"name":"wp","href":"https:\/\/api.w.org\/{rel}","templated":true}]}}