{"id":74434,"date":"2025-04-03T15:13:37","date_gmt":"2025-04-03T13:13:37","guid":{"rendered":"https:\/\/fondazionecrfirenze.it\/wp-content\/uploads\/2025\/03\/Bando-_Biblioteche_Archivi.jpg"},"modified":"2025-04-03T15:13:37","modified_gmt":"2025-04-03T13:13:37","slug":"alte-bucher-im-bucherregal-2","status":"inherit","type":"attachment","link":"https:\/\/fondazionecrfirenze.it\/en\/alte-bucher-im-bucherregal-2\/","title":{"rendered":"Alte B\u00fccher im B\u00fccherregal"},"author":9,"featured_media":0,"comment_status":"closed","ping_status":"closed","template":"","meta":{"_acf_changed":false,"_uag_custom_page_level_css":""},"class_list":["post-74434","attachment","type-attachment","status-inherit","hentry"],"acf":[],"yoast_head":"<!-- This site is optimized with the Yoast SEO plugin v27.4 - https:\/\/yoast.com\/product\/yoast-seo-wordpress\/ -->\n<title>Alte B\u00fccher im B\u00fccherregal - Fondazione CR Firenze<\/title>\n<meta name=\"robots\" content=\"index, follow, max-snippet:-1, max-image-preview:large, max-video-preview:-1\" \/>\n<link rel=\"canonical\" href=\"https:\/\/fondazionecrfirenze.it\/wp-content\/uploads\/2025\/03\/Bando-_Biblioteche_Archivi-scaled-e1743686041799.jpg\" \/>\n<meta property=\"og:locale\" content=\"en_US\" \/>\n<meta property=\"og:type\" content=\"article\" \/>\n<meta property=\"og:title\" content=\"Alte B\u00fccher im B\u00fccherregal - Fondazione CR Firenze\" \/>\n<meta property=\"og:url\" content=\"https:\/\/fondazionecrfirenze.it\/wp-content\/uploads\/2025\/03\/Bando-_Biblioteche_Archivi-scaled-e1743686041799.jpg\" \/>\n<meta property=\"og:site_name\" content=\"Fondazione CR Firenze\" \/>\n<meta property=\"og:image\" content=\"https:\/\/fondazionecrfirenze.it\/wp-content\/uploads\/2025\/03\/Bando-_Biblioteche_Archivi-scaled-e1743686041799.jpg\" \/>\n\t<meta property=\"og:image:width\" content=\"2560\" \/>\n\t<meta property=\"og:image:height\" content=\"1707\" \/>\n\t<meta property=\"og:image:type\" content=\"image\/jpeg\" \/>\n<meta name=\"twitter:card\" content=\"summary_large_image\" \/>\n<script type=\"application\/ld+json\" class=\"yoast-schema-graph\">{\"@context\":\"https:\\\/\\\/schema.org\",\"@graph\":[{\"@type\":\"WebPage\",\"@id\":\"https:\\\/\\\/fondazionecrfirenze.it\\\/wp-content\\\/uploads\\\/2025\\\/03\\\/Bando-_Biblioteche_Archivi-scaled-e1743686041799.jpg\",\"url\":\"https:\\\/\\\/fondazionecrfirenze.it\\\/wp-content\\\/uploads\\\/2025\\\/03\\\/Bando-_Biblioteche_Archivi-scaled-e1743686041799.jpg\",\"name\":\"Alte B\u00fccher im B\u00fccherregal - Fondazione CR Firenze\",\"isPartOf\":{\"@id\":\"https:\\\/\\\/fondazionecrfirenze.it\\\/#website\"},\"datePublished\":\"2025-04-03T13:13:37+00:00\",\"breadcrumb\":{\"@id\":\"https:\\\/\\\/fondazionecrfirenze.it\\\/wp-content\\\/uploads\\\/2025\\\/03\\\/Bando-_Biblioteche_Archivi-scaled-e1743686041799.jpg#breadcrumb\"},\"inLanguage\":\"en-US\",\"potentialAction\":[{\"@type\":\"ReadAction\",\"target\":[\"https:\\\/\\\/fondazionecrfirenze.it\\\/wp-content\\\/uploads\\\/2025\\\/03\\\/Bando-_Biblioteche_Archivi-scaled-e1743686041799.jpg\"]}]},{\"@type\":\"BreadcrumbList\",\"@id\":\"https:\\\/\\\/fondazionecrfirenze.it\\\/wp-content\\\/uploads\\\/2025\\\/03\\\/Bando-_Biblioteche_Archivi-scaled-e1743686041799.jpg#breadcrumb\",\"itemListElement\":[{\"@type\":\"ListItem\",\"position\":1,\"name\":\"Home\",\"item\":\"https:\\\/\\\/fondazionecrfirenze.it\\\/en\\\/\"},{\"@type\":\"ListItem\",\"position\":2,\"name\":\"Alte B\u00fccher im B\u00fccherregal\"}]},{\"@type\":\"WebSite\",\"@id\":\"https:\\\/\\\/fondazionecrfirenze.it\\\/#website\",\"url\":\"https:\\\/\\\/fondazionecrfirenze.it\\\/\",\"name\":\"Fondazione CR Firenze\",\"description\":\"Siamo un&#039;istituzione filantropica che opera sul territorio grazie agli utili del nostro patrimonio. La nostra Storia guarda al Futuro.\",\"potentialAction\":[{\"@type\":\"SearchAction\",\"target\":{\"@type\":\"EntryPoint\",\"urlTemplate\":\"https:\\\/\\\/fondazionecrfirenze.it\\\/?s={search_term_string}\"},\"query-input\":{\"@type\":\"PropertyValueSpecification\",\"valueRequired\":true,\"valueName\":\"search_term_string\"}}],\"inLanguage\":\"en-US\"}]}<\/script>\n<!-- \/ Yoast SEO plugin. -->","yoast_head_json":{"title":"Alte B\u00fccher im B\u00fccherregal - Fondazione CR Firenze","robots":{"index":"index","follow":"follow","max-snippet":"max-snippet:-1","max-image-preview":"max-image-preview:large","max-video-preview":"max-video-preview:-1"},"canonical":"https:\/\/fondazionecrfirenze.it\/wp-content\/uploads\/2025\/03\/Bando-_Biblioteche_Archivi-scaled-e1743686041799.jpg","og_locale":"en_US","og_type":"article","og_title":"Alte B\u00fccher im B\u00fccherregal - Fondazione CR Firenze","og_url":"https:\/\/fondazionecrfirenze.it\/wp-content\/uploads\/2025\/03\/Bando-_Biblioteche_Archivi-scaled-e1743686041799.jpg","og_site_name":"Fondazione CR Firenze","og_image":[{"width":2560,"height":1707,"url":"https:\/\/fondazionecrfirenze.it\/wp-content\/uploads\/2025\/03\/Bando-_Biblioteche_Archivi-scaled-e1743686041799.jpg","type":"image\/jpeg"}],"twitter_card":"summary_large_image","schema":{"@context":"https:\/\/schema.org","@graph":[{"@type":"WebPage","@id":"https:\/\/fondazionecrfirenze.it\/wp-content\/uploads\/2025\/03\/Bando-_Biblioteche_Archivi-scaled-e1743686041799.jpg","url":"https:\/\/fondazionecrfirenze.it\/wp-content\/uploads\/2025\/03\/Bando-_Biblioteche_Archivi-scaled-e1743686041799.jpg","name":"Alte B\u00fccher im B\u00fccherregal - Fondazione CR Firenze","isPartOf":{"@id":"https:\/\/fondazionecrfirenze.it\/#website"},"datePublished":"2025-04-03T13:13:37+00:00","breadcrumb":{"@id":"https:\/\/fondazionecrfirenze.it\/wp-content\/uploads\/2025\/03\/Bando-_Biblioteche_Archivi-scaled-e1743686041799.jpg#breadcrumb"},"inLanguage":"en-US","potentialAction":[{"@type":"ReadAction","target":["https:\/\/fondazionecrfirenze.it\/wp-content\/uploads\/2025\/03\/Bando-_Biblioteche_Archivi-scaled-e1743686041799.jpg"]}]},{"@type":"BreadcrumbList","@id":"https:\/\/fondazionecrfirenze.it\/wp-content\/uploads\/2025\/03\/Bando-_Biblioteche_Archivi-scaled-e1743686041799.jpg#breadcrumb","itemListElement":[{"@type":"ListItem","position":1,"name":"Home","item":"https:\/\/fondazionecrfirenze.it\/en\/"},{"@type":"ListItem","position":2,"name":"Alte B\u00fccher im B\u00fccherregal"}]},{"@type":"WebSite","@id":"https:\/\/fondazionecrfirenze.it\/#website","url":"https:\/\/fondazionecrfirenze.it\/","name":"Fondazione CR Firenze","description":"Siamo un&#039;istituzione filantropica che opera sul territorio grazie agli utili del nostro patrimonio. La nostra Storia guarda al Futuro.","potentialAction":[{"@type":"SearchAction","target":{"@type":"EntryPoint","urlTemplate":"https:\/\/fondazionecrfirenze.it\/?s={search_term_string}"},"query-input":{"@type":"PropertyValueSpecification","valueRequired":true,"valueName":"search_term_string"}}],"inLanguage":"en-US"}]}},"description":{"rendered":"<p class=\"attachment\"><a href='https:\/\/fondazionecrfirenze.it\/wp-content\/uploads\/2025\/03\/Bando-_Biblioteche_Archivi-scaled-e1743686041799.jpg'><img loading=\"lazy\" decoding=\"async\" width=\"300\" height=\"200\" src=\"https:\/\/fondazionecrfirenze.it\/wp-content\/uploads\/2025\/03\/Bando-_Biblioteche_Archivi-300x200.jpg\" class=\"attachment-medium size-medium\" alt=\"\" srcset=\"https:\/\/fondazionecrfirenze.it\/wp-content\/uploads\/2025\/03\/Bando-_Biblioteche_Archivi-300x200.jpg 300w, https:\/\/fondazionecrfirenze.it\/wp-content\/uploads\/2025\/03\/Bando-_Biblioteche_Archivi-800x533.jpg 800w, https:\/\/fondazionecrfirenze.it\/wp-content\/uploads\/2025\/03\/Bando-_Biblioteche_Archivi-768x512.jpg 768w, https:\/\/fondazionecrfirenze.it\/wp-content\/uploads\/2025\/03\/Bando-_Biblioteche_Archivi-1536x1024.jpg 1536w, https:\/\/fondazionecrfirenze.it\/wp-content\/uploads\/2025\/03\/Bando-_Biblioteche_Archivi-2048x1365.jpg 2048w, https:\/\/fondazionecrfirenze.it\/wp-content\/uploads\/2025\/03\/Bando-_Biblioteche_Archivi-1920x1280.jpg 1920w, https:\/\/fondazionecrfirenze.it\/wp-content\/uploads\/2025\/03\/Bando-_Biblioteche_Archivi-600x400.jpg 600w\" sizes=\"auto, (max-width: 300px) 100vw, 300px\" \/><\/a><\/p>\n"},"caption":{"rendered":""},"alt_text":"","media_type":"image","mime_type":"image\/jpeg","media_details":{"width":2560,"height":1707,"file":"2025\/03\/Bando-_Biblioteche_Archivi-scaled.jpg","filesize":1060695,"sizes":{"medium":{"file":"Bando-_Biblioteche_Archivi-300x200.jpg","width":300,"height":200,"filesize":21117,"mime_type":"image\/jpeg","source_url":"https:\/\/fondazionecrfirenze.it\/wp-content\/uploads\/2025\/03\/Bando-_Biblioteche_Archivi-300x200.jpg"},"large":{"file":"Bando-_Biblioteche_Archivi-800x533.jpg","width":800,"height":533,"filesize":123979,"mime_type":"image\/jpeg","source_url":"https:\/\/fondazionecrfirenze.it\/wp-content\/uploads\/2025\/03\/Bando-_Biblioteche_Archivi-800x533.jpg"},"thumbnail":{"file":"Bando-_Biblioteche_Archivi-150x150.jpg","width":150,"height":150,"filesize":8823,"mime_type":"image\/jpeg","source_url":"https:\/\/fondazionecrfirenze.it\/wp-content\/uploads\/2025\/03\/Bando-_Biblioteche_Archivi-150x150.jpg"},"medium_large":{"file":"Bando-_Biblioteche_Archivi-768x512.jpg","width":768,"height":512,"filesize":115078,"mime_type":"image\/jpeg","source_url":"https:\/\/fondazionecrfirenze.it\/wp-content\/uploads\/2025\/03\/Bando-_Biblioteche_Archivi-768x512.jpg"},"1536x1536":{"file":"Bando-_Biblioteche_Archivi-1536x1024.jpg","width":1536,"height":1024,"filesize":417003,"mime_type":"image\/jpeg","source_url":"https:\/\/fondazionecrfirenze.it\/wp-content\/uploads\/2025\/03\/Bando-_Biblioteche_Archivi-1536x1024.jpg"},"2048x2048":{"file":"Bando-_Biblioteche_Archivi-2048x1365.jpg","width":2048,"height":1365,"filesize":710470,"mime_type":"image\/jpeg","source_url":"https:\/\/fondazionecrfirenze.it\/wp-content\/uploads\/2025\/03\/Bando-_Biblioteche_Archivi-2048x1365.jpg"},"post-thumbnail":{"file":"Bando-_Biblioteche_Archivi-100x50.jpg","width":100,"height":50,"filesize":2802,"mime_type":"image\/jpeg","source_url":"https:\/\/fondazionecrfirenze.it\/wp-content\/uploads\/2025\/03\/Bando-_Biblioteche_Archivi-100x50.jpg"},"fcrf_cover":{"file":"Bando-_Biblioteche_Archivi-1920x1280.jpg","width":1920,"height":1280,"filesize":630558,"mime_type":"image\/jpeg","source_url":"https:\/\/fondazionecrfirenze.it\/wp-content\/uploads\/2025\/03\/Bando-_Biblioteche_Archivi-1920x1280.jpg"},"fcrf_big":{"file":"Bando-_Biblioteche_Archivi-1400x800.jpg","width":1400,"height":800,"filesize":308087,"mime_type":"image\/jpeg","source_url":"https:\/\/fondazionecrfirenze.it\/wp-content\/uploads\/2025\/03\/Bando-_Biblioteche_Archivi-1400x800.jpg"},"fcrf_quad":{"file":"Bando-_Biblioteche_Archivi-600x600.jpg","width":600,"height":600,"filesize":106559,"mime_type":"image\/jpeg","source_url":"https:\/\/fondazionecrfirenze.it\/wp-content\/uploads\/2025\/03\/Bando-_Biblioteche_Archivi-600x600.jpg"},"fcrf_single":{"file":"Bando-_Biblioteche_Archivi-850x500.jpg","width":850,"height":500,"filesize":125826,"mime_type":"image\/jpeg","source_url":"https:\/\/fondazionecrfirenze.it\/wp-content\/uploads\/2025\/03\/Bando-_Biblioteche_Archivi-850x500.jpg"},"fcrf_correlati":{"file":"Bando-_Biblioteche_Archivi-358x250.jpg","width":358,"height":250,"filesize":30966,"mime_type":"image\/jpeg","source_url":"https:\/\/fondazionecrfirenze.it\/wp-content\/uploads\/2025\/03\/Bando-_Biblioteche_Archivi-358x250.jpg"},"fcrf_home":{"file":"Bando-_Biblioteche_Archivi-400x400.jpg","width":400,"height":400,"filesize":50254,"mime_type":"image\/jpeg","source_url":"https:\/\/fondazionecrfirenze.it\/wp-content\/uploads\/2025\/03\/Bando-_Biblioteche_Archivi-400x400.jpg"},"fcrf_mosaico":{"file":"Bando-_Biblioteche_Archivi-600x400.jpg","width":600,"height":400,"filesize":73162,"mime_type":"image\/jpeg","source_url":"https:\/\/fondazionecrfirenze.it\/wp-content\/uploads\/2025\/03\/Bando-_Biblioteche_Archivi-600x400.jpg"},"fcrf_verticale":{"file":"Bando-_Biblioteche_Archivi-400x500.jpg","width":400,"height":500,"filesize":60096,"mime_type":"image\/jpeg","source_url":"https:\/\/fondazionecrfirenze.it\/wp-content\/uploads\/2025\/03\/Bando-_Biblioteche_Archivi-400x500.jpg"},"fcrf_thumb":{"file":"Bando-_Biblioteche_Archivi-150x150.jpg","width":150,"height":150,"filesize":8823,"mime_type":"image\/jpeg","source_url":"https:\/\/fondazionecrfirenze.it\/wp-content\/uploads\/2025\/03\/Bando-_Biblioteche_Archivi-150x150.jpg"},"fcrf_small":{"file":"Bando-_Biblioteche_Archivi-75x75.jpg","width":75,"height":75,"filesize":2928,"mime_type":"image\/jpeg","source_url":"https:\/\/fondazionecrfirenze.it\/wp-content\/uploads\/2025\/03\/Bando-_Biblioteche_Archivi-75x75.jpg"},"full":{"file":"Bando-_Biblioteche_Archivi-scaled-e1743686041799.jpg","width":2560,"height":1707,"mime_type":"image\/jpeg","source_url":"https:\/\/fondazionecrfirenze.it\/wp-content\/uploads\/2025\/03\/Bando-_Biblioteche_Archivi-scaled-e1743686041799.jpg"}},"image_meta":{"aperture":"0","credit":"ViennaFrame - stock.adobe.com","camera":"Canon EOS 70D","caption":"","created_timestamp":"1728226805","copyright":"","focal_length":"0","iso":"100","shutter_speed":"0","title":"Alte B\u00fccher im B\u00fccherregal","orientation":"1","keywords":["schatz","bibliothek","kunst","alt","buch","b\u00fccher","uralt","altert\u00fcmlich","holz","kultur","dekoration","h\u00f6lzern","regal","detail","buchdruck","band","buchr\u00fccken","antik","handwerk","hochregal","sammlung","deko","\u00f6sterreich","nationalbibliothek","t\u00fcr","architektur","national","wien","zentrum","tourist","attraktion","fenster","bauwerk","fresko","wandmalerei","innenausstattung","kirche","wand"]},"original_image":"Bando-_Biblioteche_Archivi.jpg"},"post":null,"source_url":"https:\/\/fondazionecrfirenze.it\/wp-content\/uploads\/2025\/03\/Bando-_Biblioteche_Archivi-scaled-e1743686041799.jpg","_links":{"self":[{"href":"https:\/\/fondazionecrfirenze.it\/en\/wp-json\/wp\/v2\/media\/74434","targetHints":{"allow":["GET"]}}],"collection":[{"href":"https:\/\/fondazionecrfirenze.it\/en\/wp-json\/wp\/v2\/media"}],"about":[{"href":"https:\/\/fondazionecrfirenze.it\/en\/wp-json\/wp\/v2\/types\/attachment"}],"author":[{"embeddable":true,"href":"https:\/\/fondazionecrfirenze.it\/en\/wp-json\/wp\/v2\/users\/9"}],"replies":[{"embeddable":true,"href":"https:\/\/fondazionecrfirenze.it\/en\/wp-json\/wp\/v2\/comments?post=74434"}]}}